{"id":1387,"date":"2021-09-28T15:55:08","date_gmt":"2021-09-28T15:55:08","guid":{"rendered":"https:\/\/foxiz.themeruby.com\/default\/?page_id=1387"},"modified":"2025-10-29T16:39:39","modified_gmt":"2025-10-29T15:39:39","slug":"home-default","status":"publish","type":"page","link":"https:\/\/www.foliflora.fr\/blog\/","title":{"rendered":"Home Default"},"content":{"rendered":"\t\t<div data-elementor-type=\"wp-page\" data-elementor-id=\"1387\" class=\"elementor elementor-1387\">\n\t\t\t\t\t\t<section class=\"elementor-section elementor-top-section elementor-element elementor-element-7bb4594 elementor-section-boxed elementor-section-height-default elementor-section-height-default\" data-id=\"7bb4594\" data-element_type=\"section\" data-e-type=\"section\">\n\t\t\t\t\t\t<div class=\"elementor-container elementor-column-gap-no\">\n\t\t\t\t\t<div class=\"elementor-column elementor-col-100 elementor-top-column elementor-element elementor-element-40c4dcc\" data-id=\"40c4dcc\" data-element_type=\"column\" data-e-type=\"column\">\n\t\t\t<div class=\"elementor-widget-wrap elementor-element-populated\">\n\t\t\t\t\t\t<section class=\"elementor-section elementor-inner-section elementor-element elementor-element-94511b5 elementor-section-full_width elementor-section-height-default elementor-section-height-default\" data-id=\"94511b5\" data-element_type=\"section\" data-e-type=\"section\">\n\t\t\t\t\t\t<div class=\"elementor-container elementor-column-gap-no\">\n\t\t\t\t\t<div class=\"elementor-column elementor-col-66 elementor-inner-column elementor-element elementor-element-21cb5be\" data-id=\"21cb5be\" data-element_type=\"column\" data-e-type=\"column\">\n\t\t\t<div class=\"elementor-widget-wrap elementor-element-populated\">\n\t\t\t\t\t\t<div class=\"elementor-element elementor-element-a42b82f elementor-widget elementor-widget-foxiz-overlay-1\" data-id=\"a42b82f\" data-element_type=\"widget\" data-e-type=\"widget\" data-widget_type=\"foxiz-overlay-1.default\">\n\t\t\t\t<div class=\"elementor-widget-container\">\n\t\t\t\t\t<div id=\"uid_a42b82f\" class=\"block-wrap block-overlay overlay-1 p-gradient ecat-bg-1 ecat-size-big meta-s-default\"><div class=\"block-inner\">\t\t\t<div class=\"post-slider swiper-container pre-load\"  data-play=\"\" data-speed=\"5000\">\r\n\t\t\t\t<div class=\"swiper-wrapper\">\r\n\t\t\t\t\t\t\t<div class=\"p-wrap p-highlight p-overlay-1 swiper-slide\" data-pid=\"2211\">\r\n\t\t\t<div class=\"overlay-holder\">\r\n\t\t\t\t\t<div class=\"p-featured\">\r\n\t\t\t\t\t<a class=\"p-flink\" href=\"https:\/\/www.foliflora.fr\/blog\/quelles-fleurs-offrir-pour-la-fete-des-grands-meres\/\" title=\"Quelles fleurs offrir pour la f\u00eate des grands-m\u00e8res ?\">\r\n\t\t\t<img loading=\"lazy\" decoding=\"async\" width=\"860\" height=\"573\" src=\"https:\/\/www.foliflora.fr\/blog\/wp-content\/uploads\/Quelles-fleurs-offrir-pour-la-fete-des-grands-meres--860x573.png\" class=\"featured-img wp-post-image\" alt=\"d\u00e9couvrez quelles fleurs choisir pour la f\u00eate des grands-m\u00e8res. trouvez l\u2019inspiration pour offrir le bouquet id\u00e9al et exprimer tout votre amour \u00e0 votre mamie lors de cette occasion sp\u00e9ciale.\" loading=\"lazy\" \/>\t\t<\/a>\r\n\t\t\t\t<\/div>\r\n\t\t\t\t<div class=\"overlay-wrap\">\r\n\t\t\t\t<div class=\"overlay-inner p-content light-scheme\">\r\n\t\t\t\t\t<div class=\"p-categories p-top\"><a class=\"p-category category-id-26\" href=\"https:\/\/www.foliflora.fr\/blog\/category\/occasions\/fete-des-grands-meres\/\" rel=\"category\">F\u00eate des Grands-M\u00e8res<\/a><\/div><h2 class=\"entry-title\">\t\t<a class=\"p-url\" href=\"https:\/\/www.foliflora.fr\/blog\/quelles-fleurs-offrir-pour-la-fete-des-grands-meres\/\" rel=\"bookmark\">Quelles fleurs offrir pour la f\u00eate des grands-m\u00e8res ?<\/a><\/h2><p class=\"entry-summary mobile-hide tablet-hide\">\u00c0 l\u2019approche de la f\u00eate des grands-m\u00e8res, trouver le cadeau parfait est une douce attention pour t\u00e9moigner tout l\u2019amour et la gratitude que l\u2019on porte \u00e0 ces piliers familiaux. Parmi les id\u00e9es les plus d\u00e9licates et riches de sens, offrir des fleurs \u00e0 sa grand-m\u00e8re demeure une valeur s\u00fbre. Elles apportent non seulement couleur et \u00e9l\u00e9gance, mais chacune porte une&hellip;<\/p>\r\n\t\t\t\t\t\t<div class=\"p-meta has-bookmark\">\r\n\t\t\t\t<div class=\"meta-inner is-meta\">\r\n\t\t\t\t\t\t\t<a class=\"meta-el meta-avatar\" href=\"https:\/\/www.foliflora.fr\/blog\/author\/flora\/\" rel=\"nofollow\" aria-label=\"Visit posts by Flora\"><\/a>\r\n\t\t\t\t<div class=\"meta-el meta-author\">\r\n\t\t\t<a href=\"https:\/\/www.foliflora.fr\/blog\/author\/flora\/\">Flora<\/a>\t\t<\/div>\r\n\t\t\t<div class=\"meta-el meta-date\">\r\n\t\t\t\t<time class=\"date published\" datetime=\"2025-10-30T09:46:31+01:00\">30 octobre 2025<\/time>\r\n\t\t<\/div>\t\t\t\t<\/div>\r\n\t\t\t\t<span class=\"rb-bookmark bookmark-trigger\" data-pid=\"2211\"><\/span>\t\t\t<\/div>\r\n\t\t\t\t\t\t<\/div>\r\n\t\t\t<\/div>\r\n\t\t<\/div>\r\n\t\t\t\t<\/div>\r\n\t\t\t<div class=\"p-wrap p-highlight p-overlay-1 swiper-slide\" data-pid=\"2149\">\r\n\t\t\t<div class=\"overlay-holder\">\r\n\t\t\t\t\t<div class=\"p-featured\">\r\n\t\t\t\t\t<a class=\"p-flink\" href=\"https:\/\/www.foliflora.fr\/blog\/quand-couper-les-tiges-de-tulipes\/\" title=\"Quand couper les tiges de tulipes ?\">\r\n\t\t\t<img loading=\"lazy\" decoding=\"async\" width=\"860\" height=\"573\" src=\"https:\/\/www.foliflora.fr\/blog\/wp-content\/uploads\/Quand-couper-les-tiges-de-tulipes--860x573.png\" class=\"featured-img wp-post-image\" alt=\"d\u00e9couvrez quand et comment couper les tiges de tulipes pour prolonger leur floraison, favoriser leur repousse et obtenir des bouquets \u00e9clatants. conseils pratiques et astuces de jardinier.\" loading=\"lazy\" \/>\t\t<\/a>\r\n\t\t\t\t<\/div>\r\n\t\t\t\t<div class=\"overlay-wrap\">\r\n\t\t\t\t<div class=\"overlay-inner p-content light-scheme\">\r\n\t\t\t\t\t<div class=\"p-categories p-top\"><a class=\"p-category category-id-20\" href=\"https:\/\/www.foliflora.fr\/blog\/category\/fleurs\/tulipes\/\" rel=\"category\">Tulipes<\/a><\/div><h2 class=\"entry-title\">\t\t<a class=\"p-url\" href=\"https:\/\/www.foliflora.fr\/blog\/quand-couper-les-tiges-de-tulipes\/\" rel=\"bookmark\">Quand couper les tiges de tulipes ?<\/a><\/h2><p class=\"entry-summary mobile-hide tablet-hide\">Dans l\u2019univers de la floriculture, ma\u00eetriser le moment et la m\u00e9thode de coupe des tiges de tulipes est essentiel pour garantir une floraison \u00e9clatante et durable. Ces fleurs embl\u00e9matiques du printemps, pris\u00e9es non seulement pour leur beaut\u00e9 mais aussi pour leur symbolism, requi\u00e8rent une attention particuli\u00e8re lorsqu\u2019elles atteignent leur apog\u00e9e. Savoir quand couper les tiges ne se limite pas \u00e0&hellip;<\/p>\r\n\t\t\t\t\t\t<div class=\"p-meta has-bookmark\">\r\n\t\t\t\t<div class=\"meta-inner is-meta\">\r\n\t\t\t\t\t\t\t<a class=\"meta-el meta-avatar\" href=\"https:\/\/www.foliflora.fr\/blog\/author\/flora\/\" rel=\"nofollow\" aria-label=\"Visit posts by Flora\"><\/a>\r\n\t\t\t\t<div class=\"meta-el meta-author\">\r\n\t\t\t<a href=\"https:\/\/www.foliflora.fr\/blog\/author\/flora\/\">Flora<\/a>\t\t<\/div>\r\n\t\t\t<div class=\"meta-el meta-date\">\r\n\t\t\t\t<time class=\"date published\" datetime=\"2025-10-29T13:35:04+01:00\">29 octobre 2025<\/time>\r\n\t\t<\/div>\t\t\t\t<\/div>\r\n\t\t\t\t<span class=\"rb-bookmark bookmark-trigger\" data-pid=\"2149\"><\/span>\t\t\t<\/div>\r\n\t\t\t\t\t\t<\/div>\r\n\t\t\t<\/div>\r\n\t\t<\/div>\r\n\t\t\t\t<\/div>\r\n\t\t\t<div class=\"p-wrap p-highlight p-overlay-1 swiper-slide\" data-pid=\"2184\">\r\n\t\t\t<div class=\"overlay-holder\">\r\n\t\t\t\t\t<div class=\"p-featured\">\r\n\t\t\t\t\t<a class=\"p-flink\" href=\"https:\/\/www.foliflora.fr\/blog\/lys-fleurs-astuces-pour-prolonger-la-beaute-de-vos-bouquets\/\" title=\"Lys fleurs : astuces pour prolonger la beaut\u00e9 de vos bouquets\">\r\n\t\t\t<img loading=\"lazy\" decoding=\"async\" width=\"860\" height=\"573\" src=\"https:\/\/www.foliflora.fr\/blog\/wp-content\/uploads\/Lys-fleurs-astuces-pour-prolonger-la-beaute-de-vos-bouquets-860x573.png\" class=\"featured-img wp-post-image\" alt=\"d\u00e9couvrez nos astuces simples et efficaces pour conserver la beaut\u00e9 de vos bouquets de lys plus longtemps. profitez de conseils pratiques pour entretenir vos fleurs et sublimer votre int\u00e9rieur.\" loading=\"lazy\" \/>\t\t<\/a>\r\n\t\t\t\t<\/div>\r\n\t\t\t\t<div class=\"overlay-wrap\">\r\n\t\t\t\t<div class=\"overlay-inner p-content light-scheme\">\r\n\t\t\t\t\t<div class=\"p-categories p-top\"><a class=\"p-category category-id-22\" href=\"https:\/\/www.foliflora.fr\/blog\/category\/fleurs\/lys\/\" rel=\"category\">Lys<\/a><\/div><h2 class=\"entry-title\">\t\t<a class=\"p-url\" href=\"https:\/\/www.foliflora.fr\/blog\/lys-fleurs-astuces-pour-prolonger-la-beaute-de-vos-bouquets\/\" rel=\"bookmark\">Lys fleurs : astuces pour prolonger la beaut\u00e9 de vos bouquets<\/a><\/h2><p class=\"entry-summary mobile-hide tablet-hide\">Le lys, fleur d\u2019une \u00e9l\u00e9gance rare et d\u2019une symbolique profonde, embellit avec majest\u00e9 tous les int\u00e9rieurs. Pourtant, la beaut\u00e9 \u00e9clatante de ses p\u00e9tales ne dure pas \u00e9ternellement. Il demeure essentiel de conna\u00eetre les secrets pour prolonger la fra\u00eecheur et la splendeur d\u2019un bouquet de lys. Chaque geste, de la s\u00e9lection minutieuse des fleurs \u00e0 leur entretien quotidien, influe sur la&hellip;<\/p>\r\n\t\t\t\t\t\t<div class=\"p-meta has-bookmark\">\r\n\t\t\t\t<div class=\"meta-inner is-meta\">\r\n\t\t\t\t\t\t\t<a class=\"meta-el meta-avatar\" href=\"https:\/\/www.foliflora.fr\/blog\/author\/flora\/\" rel=\"nofollow\" aria-label=\"Visit posts by Flora\"><\/a>\r\n\t\t\t\t<div class=\"meta-el meta-author\">\r\n\t\t\t<a href=\"https:\/\/www.foliflora.fr\/blog\/author\/flora\/\">Flora<\/a>\t\t<\/div>\r\n\t\t\t<div class=\"meta-el meta-date\">\r\n\t\t\t\t<time class=\"date published\" datetime=\"2025-10-29T16:49:04+01:00\">29 octobre 2025<\/time>\r\n\t\t<\/div>\t\t\t\t<\/div>\r\n\t\t\t\t<span class=\"rb-bookmark bookmark-trigger\" data-pid=\"2184\"><\/span>\t\t\t<\/div>\r\n\t\t\t\t\t\t<\/div>\r\n\t\t\t<\/div>\r\n\t\t<\/div>\r\n\t\t\t\t<\/div>\r\n\t\t\t\t\t<\/div>\r\n\t\t\t\t\t\t\t\t\t<div class=\"slider-pagination slider-pagination-top\"><\/div>\r\n\t\t\t\t\t\t\t<\/div>\r\n\t\t<\/div><\/div>\t\t\t\t<\/div>\n\t\t\t\t<\/div>\n\t\t\t\t\t<\/div>\n\t\t<\/div>\n\t\t\t\t<div class=\"elementor-column elementor-col-33 elementor-inner-column elementor-element elementor-element-b4dd180\" data-id=\"b4dd180\" data-element_type=\"column\" data-e-type=\"column\">\n\t\t\t<div class=\"elementor-widget-wrap elementor-element-populated\">\n\t\t\t\t\t\t<div class=\"elementor-element elementor-element-5a953f9 elementor-widget elementor-widget-foxiz-overlay-2\" data-id=\"5a953f9\" data-element_type=\"widget\" data-e-type=\"widget\" data-widget_type=\"foxiz-overlay-2.default\">\n\t\t\t\t<div class=\"elementor-widget-container\">\n\t\t\t\t\t<div id=\"uid_5a953f9\" class=\"block-wrap block-overlay block-overlay-2 p-gradient rb-columns rb-col-1 rb-tcol-2 rb-mcol-1 is-gap-7 ecat-bg-1 meta-s-default\"><div class=\"block-inner\">\t\t<div class=\"p-wrap p-overlay p-overlay-2\" data-pid=\"2361\">\r\n\t\t\t<div class=\"overlay-holder\">\r\n\t\t\t\t\t<div class=\"p-featured\">\r\n\t\t\t\t\t<a class=\"p-flink\" href=\"https:\/\/www.foliflora.fr\/blog\/comment-se-multiplient-les-tulipes\/\" title=\"Comment se multiplient les tulipes ?\">\r\n\t\t\t<img loading=\"lazy\" decoding=\"async\" width=\"420\" height=\"280\" src=\"https:\/\/www.foliflora.fr\/blog\/wp-content\/uploads\/Comment-se-multiplient-les-tulipes--420x280.png\" class=\"featured-img wp-post-image\" alt=\"d\u00e9couvrez les m\u00e9thodes de multiplication des tulipes, du semis \u00e0 la division des bulbes, pour r\u00e9ussir la culture de ces fleurs color\u00e9es dans votre jardin.\" loading=\"lazy\" \/>\t\t<\/a>\r\n\t\t\t\t<\/div>\r\n\t\t\t\t<div class=\"overlay-wrap\">\r\n\t\t\t\t<div class=\"overlay-inner p-content light-scheme\">\r\n\t\t\t\t\t<div class=\"p-categories p-top\"><a class=\"p-category category-id-20\" href=\"https:\/\/www.foliflora.fr\/blog\/category\/fleurs\/tulipes\/\" rel=\"category\">Tulipes<\/a><\/div><h3 class=\"entry-title\">\t\t<a class=\"p-url\" href=\"https:\/\/www.foliflora.fr\/blog\/comment-se-multiplient-les-tulipes\/\" rel=\"bookmark\">Comment se multiplient les tulipes ?<\/a><\/h3>\t\t\t<div class=\"p-meta has-bookmark\">\r\n\t\t\t\t<div class=\"meta-inner is-meta\">\r\n\t\t\t\t\t\t\t<a class=\"meta-el meta-avatar\" href=\"https:\/\/www.foliflora.fr\/blog\/author\/flora\/\" rel=\"nofollow\" aria-label=\"Visit posts by Flora\"><\/a>\r\n\t\t\t\t<div class=\"meta-el meta-author\">\r\n\t\t\t<a href=\"https:\/\/www.foliflora.fr\/blog\/author\/flora\/\">Flora<\/a>\t\t<\/div>\r\n\t\t\t<div class=\"meta-el meta-date\">\r\n\t\t\t\t<time class=\"date published\" datetime=\"2025-12-29T17:28:18+01:00\">29 d\u00e9cembre 2025<\/time>\r\n\t\t<\/div>\t\t\t\t<\/div>\r\n\t\t\t\t<span class=\"rb-bookmark bookmark-trigger\" data-pid=\"2361\"><\/span>\t\t\t<\/div>\r\n\t\t\t\t\t\t<\/div>\r\n\t\t\t<\/div>\r\n\t\t<\/div>\r\n\t\t\t\t<\/div>\r\n\t\t\t<div class=\"p-wrap p-overlay p-overlay-2\" data-pid=\"2149\">\r\n\t\t\t<div class=\"overlay-holder\">\r\n\t\t\t\t\t<div class=\"p-featured\">\r\n\t\t\t\t\t<a class=\"p-flink\" href=\"https:\/\/www.foliflora.fr\/blog\/quand-couper-les-tiges-de-tulipes\/\" title=\"Quand couper les tiges de tulipes ?\">\r\n\t\t\t<img loading=\"lazy\" decoding=\"async\" width=\"420\" height=\"280\" src=\"https:\/\/www.foliflora.fr\/blog\/wp-content\/uploads\/Quand-couper-les-tiges-de-tulipes--420x280.png\" class=\"featured-img wp-post-image\" alt=\"d\u00e9couvrez quand et comment couper les tiges de tulipes pour prolonger leur floraison, favoriser leur repousse et obtenir des bouquets \u00e9clatants. conseils pratiques et astuces de jardinier.\" loading=\"lazy\" \/>\t\t<\/a>\r\n\t\t\t\t<\/div>\r\n\t\t\t\t<div class=\"overlay-wrap\">\r\n\t\t\t\t<div class=\"overlay-inner p-content light-scheme\">\r\n\t\t\t\t\t<div class=\"p-categories p-top\"><a class=\"p-category category-id-20\" href=\"https:\/\/www.foliflora.fr\/blog\/category\/fleurs\/tulipes\/\" rel=\"category\">Tulipes<\/a><\/div><h3 class=\"entry-title\">\t\t<a class=\"p-url\" href=\"https:\/\/www.foliflora.fr\/blog\/quand-couper-les-tiges-de-tulipes\/\" rel=\"bookmark\">Quand couper les tiges de tulipes ?<\/a><\/h3>\t\t\t<div class=\"p-meta has-bookmark\">\r\n\t\t\t\t<div class=\"meta-inner is-meta\">\r\n\t\t\t\t\t\t\t<a class=\"meta-el meta-avatar\" href=\"https:\/\/www.foliflora.fr\/blog\/author\/flora\/\" rel=\"nofollow\" aria-label=\"Visit posts by Flora\"><\/a>\r\n\t\t\t\t<div class=\"meta-el meta-author\">\r\n\t\t\t<a href=\"https:\/\/www.foliflora.fr\/blog\/author\/flora\/\">Flora<\/a>\t\t<\/div>\r\n\t\t\t<div class=\"meta-el meta-date\">\r\n\t\t\t\t<time class=\"date published\" datetime=\"2025-10-29T13:35:04+01:00\">29 octobre 2025<\/time>\r\n\t\t<\/div>\t\t\t\t<\/div>\r\n\t\t\t\t<span class=\"rb-bookmark bookmark-trigger\" data-pid=\"2149\"><\/span>\t\t\t<\/div>\r\n\t\t\t\t\t\t<\/div>\r\n\t\t\t<\/div>\r\n\t\t<\/div>\r\n\t\t\t\t<\/div>\r\n\t<\/div><\/div>\t\t\t\t<\/div>\n\t\t\t\t<\/div>\n\t\t\t\t\t<\/div>\n\t\t<\/div>\n\t\t\t\t\t<\/div>\n\t\t<\/section>\n\t\t\t\t<section class=\"elementor-section elementor-inner-section elementor-element elementor-element-2151ae5 elementor-section-full_width elementor-section-height-default elementor-section-height-default\" data-id=\"2151ae5\" data-element_type=\"section\" data-e-type=\"section\">\n\t\t\t\t\t\t<div class=\"elementor-container elementor-column-gap-no\">\n\t\t\t\t\t<div class=\"elementor-column elementor-col-100 elementor-inner-column elementor-element elementor-element-a7725a3\" data-id=\"a7725a3\" data-element_type=\"column\" data-e-type=\"column\">\n\t\t\t<div class=\"elementor-widget-wrap elementor-element-populated\">\n\t\t\t\t\t\t<div class=\"elementor-element elementor-element-e3c5411 elementor-widget elementor-widget-foxiz-list-small-2\" data-id=\"e3c5411\" data-element_type=\"widget\" data-e-type=\"widget\" data-widget_type=\"foxiz-list-small-2.default\">\n\t\t\t\t<div class=\"elementor-widget-container\">\n\t\t\t\t\t<div id=\"uid_e3c5411\" class=\"block-wrap block-small block-list block-list-small-2 rb-columns rb-col-2 rb-tcol-1 rb-mcol-1 is-gap-custom ecat-bg-1 is-feat-right meta-s-default\"><div class=\"block-inner\">\t\t<div class=\"p-wrap p-small p-list-small-2\" data-pid=\"2371\">\r\n\t\t\t\t<div class=\"feat-holder\">\t\t<div class=\"p-featured ratio-v1\">\r\n\t\t\t\t\t<a class=\"p-flink\" href=\"https:\/\/www.foliflora.fr\/blog\/choisir-les-fleurs-parfaites-pour-la-saint-valentin\/\" title=\"Choisir les fleurs parfaites pour la Saint-Valentin\">\r\n\t\t\t<img loading=\"lazy\" decoding=\"async\" width=\"330\" height=\"220\" src=\"https:\/\/www.foliflora.fr\/blog\/wp-content\/uploads\/Choisir-les-fleurs-parfaites-pour-la-Saint-Valentin-330x220.jpg\" class=\"featured-img wp-post-image\" alt=\"d\u00e9couvrez comment choisir les fleurs parfaites pour la saint-valentin afin d&#039;exprimer vos sentiments avec \u00e9l\u00e9gance et \u00e9motion.\" loading=\"lazy\" \/>\t\t<\/a>\r\n\t\t\t\t<\/div>\r\n\t<\/div>\r\n\t\t\t\t<div class=\"p-content\">\r\n\t\t\t<div class=\"p-categories p-top\"><a class=\"p-category category-id-25\" href=\"https:\/\/www.foliflora.fr\/blog\/category\/occasions\/saint-valentin\/\" rel=\"category\">Saint-Valentin<\/a><\/div><h3 class=\"entry-title\">\t\t<a class=\"p-url\" href=\"https:\/\/www.foliflora.fr\/blog\/choisir-les-fleurs-parfaites-pour-la-saint-valentin\/\" rel=\"bookmark\">Choisir les fleurs parfaites pour la Saint-Valentin<\/a><\/h3>\t\t\t<div class=\"p-meta has-bookmark\">\r\n\t\t\t\t<div class=\"meta-inner is-meta\">\r\n\t\t\t\t\t\t\t<a class=\"meta-el meta-avatar mobile-hide\" href=\"https:\/\/www.foliflora.fr\/blog\/author\/flora\/\" rel=\"nofollow\" aria-label=\"Visit posts by Flora\"><\/a>\r\n\t\t\t\t<div class=\"meta-el meta-author mobile-hide\">\r\n\t\t\t<a href=\"https:\/\/www.foliflora.fr\/blog\/author\/flora\/\">Flora<\/a>\t\t<\/div>\r\n\t\t\t<div class=\"meta-el meta-date mobile-last-meta\">\r\n\t\t\t\t<time class=\"date published\" datetime=\"2026-01-19T09:48:46+01:00\">19 janvier 2026<\/time>\r\n\t\t<\/div>\t\t\t\t<\/div>\r\n\t\t\t\t<span class=\"rb-bookmark bookmark-trigger\" data-pid=\"2371\"><\/span>\t\t\t<\/div>\r\n\t\t\t\t<\/div>\r\n\t\t\t\t<\/div>\r\n\t\t\t<div class=\"p-wrap p-small p-list-small-2\" data-pid=\"2188\">\r\n\t\t\t\t<div class=\"feat-holder\">\t\t<div class=\"p-featured ratio-v1\">\r\n\t\t\t\t\t<a class=\"p-flink\" href=\"https:\/\/www.foliflora.fr\/blog\/pourquoi-choisir-les-fleurs-de-lys-pour-une-decoration-raffinee\/\" title=\"Pourquoi choisir les fleurs de lys pour une d\u00e9coration raffin\u00e9e\">\r\n\t\t\t<img loading=\"lazy\" decoding=\"async\" width=\"330\" height=\"220\" src=\"https:\/\/www.foliflora.fr\/blog\/wp-content\/uploads\/Pourquoi-choisir-les-fleurs-de-lys-pour-une-decoration-raffinee-330x220.png\" class=\"featured-img wp-post-image\" alt=\"d\u00e9couvrez pourquoi les fleurs de lys sont id\u00e9ales pour apporter une touche de raffinement et d\u2019\u00e9l\u00e9gance \u00e0 votre d\u00e9coration. symboles de puret\u00e9 et de prestige, elles subliment tous les int\u00e9rieurs avec d\u00e9licatesse.\" loading=\"lazy\" \/>\t\t<\/a>\r\n\t\t\t\t<\/div>\r\n\t<\/div>\r\n\t\t\t\t<div class=\"p-content\">\r\n\t\t\t<div class=\"p-categories p-top\"><a class=\"p-category category-id-22\" href=\"https:\/\/www.foliflora.fr\/blog\/category\/fleurs\/lys\/\" rel=\"category\">Lys<\/a><\/div><h3 class=\"entry-title\">\t\t<a class=\"p-url\" href=\"https:\/\/www.foliflora.fr\/blog\/pourquoi-choisir-les-fleurs-de-lys-pour-une-decoration-raffinee\/\" rel=\"bookmark\">Pourquoi choisir les fleurs de lys pour une d\u00e9coration raffin\u00e9e<\/a><\/h3>\t\t\t<div class=\"p-meta has-bookmark\">\r\n\t\t\t\t<div class=\"meta-inner is-meta\">\r\n\t\t\t\t\t\t\t<a class=\"meta-el meta-avatar mobile-hide\" href=\"https:\/\/www.foliflora.fr\/blog\/author\/flora\/\" rel=\"nofollow\" aria-label=\"Visit posts by Flora\"><\/a>\r\n\t\t\t\t<div class=\"meta-el meta-author mobile-hide\">\r\n\t\t\t<a href=\"https:\/\/www.foliflora.fr\/blog\/author\/flora\/\">Flora<\/a>\t\t<\/div>\r\n\t\t\t<div class=\"meta-el meta-date mobile-last-meta\">\r\n\t\t\t\t<time class=\"date published\" datetime=\"2025-10-29T16:50:47+01:00\">29 octobre 2025<\/time>\r\n\t\t<\/div>\t\t\t\t<\/div>\r\n\t\t\t\t<span class=\"rb-bookmark bookmark-trigger\" data-pid=\"2188\"><\/span>\t\t\t<\/div>\r\n\t\t\t\t<\/div>\r\n\t\t\t\t<\/div>\r\n\t<\/div><\/div>\t\t\t\t<\/div>\n\t\t\t\t<\/div>\n\t\t\t\t\t<\/div>\n\t\t<\/div>\n\t\t\t\t\t<\/div>\n\t\t<\/section>\n\t\t\t\t\t<\/div>\n\t\t<\/div>\n\t\t\t\t\t<\/div>\n\t\t<\/section>\n\t\t\t\t<section class=\"elementor-section elementor-top-section elementor-element elementor-element-ffe5a10 elementor-section-boxed elementor-section-height-default elementor-section-height-default\" data-id=\"ffe5a10\" data-element_type=\"section\" data-e-type=\"section\">\n\t\t\t\t\t\t<div class=\"elementor-container elementor-column-gap-custom\">\n\t\t\t\t\t<div class=\"elementor-column elementor-col-66 elementor-top-column elementor-element elementor-element-5b17c85\" data-id=\"5b17c85\" data-element_type=\"column\" data-e-type=\"column\">\n\t\t\t<div class=\"elementor-widget-wrap elementor-element-populated\">\n\t\t\t\t\t\t<div class=\"elementor-element elementor-element-f1b09bd elementor-invisible elementor-widget elementor-widget-foxiz-heading\" data-id=\"f1b09bd\" data-element_type=\"widget\" data-e-type=\"widget\" data-settings=\"{&quot;_animation&quot;:&quot;fadeIn&quot;}\" data-widget_type=\"foxiz-heading.default\">\n\t\t\t\t<div class=\"elementor-widget-container\">\n\t\t\t\t\t<div id=\"uid_f1b09bd\" class=\"block-h heading-layout-1\"><div class=\"heading-inner\"><h3 class=\"heading-title\"><span>En bref<\/span><\/h3><\/div><\/div>\t\t\t\t<\/div>\n\t\t\t\t<\/div>\n\t\t\t\t<div class=\"elementor-element elementor-element-dcaf5bb elementor-widget elementor-widget-foxiz-list-1\" data-id=\"dcaf5bb\" data-element_type=\"widget\" data-e-type=\"widget\" data-widget_type=\"foxiz-list-1.default\">\n\t\t\t\t<div class=\"elementor-widget-container\">\n\t\t\t\t\t<div id=\"uid_dcaf5bb\" class=\"block-wrap block-big block-list block-list-1 ecat-bg-1 ecat-size-big is-feat-right meta-s-default\"><div class=\"block-inner\">\t\t<div class=\"p-wrap p-list p-list-1\" data-pid=\"2378\">\r\n\t\t\t<div class=\"list-holder\">\r\n\t\t\t\t\t\t\t<div class=\"list-feat-holder\">\r\n\t\t\t\t\t\t\t<div class=\"feat-holder\">\r\n\t\t\t\t\t<div class=\"p-featured\">\r\n\t\t\t\t\t<a class=\"p-flink\" href=\"https:\/\/www.foliflora.fr\/blog\/comment-choisir-les-roses-parfaites-pour-la-saint-valentin\/\" title=\"Comment choisir les roses parfaites pour la Saint-Valentin\">\r\n\t\t\t<img loading=\"lazy\" decoding=\"async\" width=\"615\" height=\"410\" src=\"https:\/\/www.foliflora.fr\/blog\/wp-content\/uploads\/Comment-choisir-les-roses-parfaites-pour-la-Saint-Valentin-615x410.jpg\" class=\"featured-img wp-post-image\" alt=\"d\u00e9couvrez nos conseils pour choisir les roses parfaites \u00e0 offrir pour la saint-valentin et faire de ce moment un souvenir inoubliable.\" loading=\"lazy\" \/>\t\t<\/a>\r\n\t\t\t\t<\/div>\r\n\t<div class=\"p-categories light-scheme p-top\"><a class=\"p-category category-id-25\" href=\"https:\/\/www.foliflora.fr\/blog\/category\/occasions\/saint-valentin\/\" rel=\"category\">Saint-Valentin<\/a><\/div><\/div>\r\n\t\t\t\t\t<\/div>\r\n\t\t\t\t\t\t<div class=\"p-content\">\r\n\t\t\t\t<h2 class=\"entry-title\">\t\t<a class=\"p-url\" href=\"https:\/\/www.foliflora.fr\/blog\/comment-choisir-les-roses-parfaites-pour-la-saint-valentin\/\" rel=\"bookmark\">Comment choisir les roses parfaites pour la Saint-Valentin<\/a><\/h2><p class=\"entry-summary\">Offrir un bouquet de roses \u00e0 l\u2019occasion de la Saint-Valentin est un&hellip;<\/p>\r\n\t\t\t\t\t\t<div class=\"p-meta has-bookmark\">\r\n\t\t\t\t<div class=\"meta-inner is-meta\">\r\n\t\t\t\t\t\t\t<a class=\"meta-el meta-avatar\" href=\"https:\/\/www.foliflora.fr\/blog\/author\/flora\/\" rel=\"nofollow\" aria-label=\"Visit posts by Flora\"><\/a>\r\n\t\t\t\t<div class=\"meta-el meta-author\">\r\n\t\t\t<a href=\"https:\/\/www.foliflora.fr\/blog\/author\/flora\/\">Flora<\/a>\t\t<\/div>\r\n\t\t\t<div class=\"meta-el meta-date\">\r\n\t\t\t\t<time class=\"date published\" datetime=\"2026-01-28T18:00:26+01:00\">28 janvier 2026<\/time>\r\n\t\t<\/div>\t\t\t\t<\/div>\r\n\t\t\t\t<span class=\"rb-bookmark bookmark-trigger\" data-pid=\"2378\"><\/span>\t\t\t<\/div>\r\n\t\t\t\t\t<\/div>\r\n\t\t<\/div>\r\n\t\t\t\t<\/div>\r\n\t<\/div><\/div>\t\t\t\t<\/div>\n\t\t\t\t<\/div>\n\t\t\t\t<div class=\"elementor-element elementor-element-e6de60c elementor-invisible elementor-widget elementor-widget-foxiz-grid-small-1\" data-id=\"e6de60c\" data-element_type=\"widget\" data-e-type=\"widget\" data-settings=\"{&quot;_animation&quot;:&quot;fadeIn&quot;}\" data-widget_type=\"foxiz-grid-small-1.default\">\n\t\t\t\t<div class=\"elementor-widget-container\">\n\t\t\t\t\t<div id=\"uid_e6de60c\" class=\"block-wrap block-small block-grid block-grid-small-1 rb-columns rb-col-3 is-gap-10 ecat-bg-1 meta-s-default\"><div class=\"block-inner\">\t\t<div class=\"p-wrap p-grid p-grid-small-1\" data-pid=\"2196\">\r\n\t\t\t\t<div class=\"feat-holder\">\r\n\t\t\t\t\t\t<div class=\"p-featured\">\r\n\t\t\t\t\t<a class=\"p-flink\" href=\"https:\/\/www.foliflora.fr\/blog\/fleurs-et-cadeaux-ce-que-propose-foliflora-pour-les-anniversaires\/\" title=\"Fleurs et cadeaux : ce que propose Foliflora pour les anniversaires\">\r\n\t\t\t<img loading=\"lazy\" decoding=\"async\" width=\"330\" height=\"220\" src=\"https:\/\/www.foliflora.fr\/blog\/wp-content\/uploads\/Fleurs-et-cadeaux-ce-que-propose-Foliflora-pour-les-anniversaires-330x220.png\" class=\"featured-img wp-post-image\" alt=\"d\u00e9couvrez comment foliflora sublime les anniversaires avec une s\u00e9lection de fleurs fra\u00eeches et de cadeaux uniques. offrez un moment inoubliable gr\u00e2ce \u00e0 des compositions florales et des id\u00e9es cadeaux pour tous les go\u00fbts et tous les budgets.\" loading=\"lazy\" \/>\t\t<\/a>\r\n\t\t\t\t<\/div>\r\n\t<div class=\"p-categories light-scheme p-top mobile-hide\"><a class=\"p-category category-id-31\" href=\"https:\/\/www.foliflora.fr\/blog\/category\/occasions\/anniversaire\/\" rel=\"category\">Anniversaire<\/a><\/div><\/div>\r\n\t\t\t\t<div class=\"p-content\">\r\n\t\t\t<h4 class=\"entry-title\">\t\t<a class=\"p-url\" href=\"https:\/\/www.foliflora.fr\/blog\/fleurs-et-cadeaux-ce-que-propose-foliflora-pour-les-anniversaires\/\" rel=\"bookmark\">Fleurs et cadeaux : ce que propose Foliflora pour les anniversaires<\/a><\/h4>\t\t\t<div class=\"p-meta has-bookmark\">\r\n\t\t\t\t<div class=\"meta-inner is-meta\">\r\n\t\t\t\t\t\t<div class=\"meta-el meta-date\">\r\n\t\t\t\t<time class=\"date published\" datetime=\"2025-10-29T16:55:00+01:00\">29 octobre 2025<\/time>\r\n\t\t<\/div>\t\t\t\t<\/div>\r\n\t\t\t\t<span class=\"rb-bookmark bookmark-trigger\" data-pid=\"2196\"><\/span>\t\t\t<\/div>\r\n\t\t\t\t<\/div>\r\n\t\t\t\t<\/div>\r\n\t\t\t<div class=\"p-wrap p-grid p-grid-small-1\" data-pid=\"2188\">\r\n\t\t\t\t<div class=\"feat-holder\">\r\n\t\t\t\t\t\t<div class=\"p-featured\">\r\n\t\t\t\t\t<a class=\"p-flink\" href=\"https:\/\/www.foliflora.fr\/blog\/pourquoi-choisir-les-fleurs-de-lys-pour-une-decoration-raffinee\/\" title=\"Pourquoi choisir les fleurs de lys pour une d\u00e9coration raffin\u00e9e\">\r\n\t\t\t<img loading=\"lazy\" decoding=\"async\" width=\"330\" height=\"220\" src=\"https:\/\/www.foliflora.fr\/blog\/wp-content\/uploads\/Pourquoi-choisir-les-fleurs-de-lys-pour-une-decoration-raffinee-330x220.png\" class=\"featured-img wp-post-image\" alt=\"d\u00e9couvrez pourquoi les fleurs de lys sont id\u00e9ales pour apporter une touche de raffinement et d\u2019\u00e9l\u00e9gance \u00e0 votre d\u00e9coration. symboles de puret\u00e9 et de prestige, elles subliment tous les int\u00e9rieurs avec d\u00e9licatesse.\" loading=\"lazy\" \/>\t\t<\/a>\r\n\t\t\t\t<\/div>\r\n\t<div class=\"p-categories light-scheme p-top mobile-hide\"><a class=\"p-category category-id-22\" href=\"https:\/\/www.foliflora.fr\/blog\/category\/fleurs\/lys\/\" rel=\"category\">Lys<\/a><\/div><\/div>\r\n\t\t\t\t<div class=\"p-content\">\r\n\t\t\t<h4 class=\"entry-title\">\t\t<a class=\"p-url\" href=\"https:\/\/www.foliflora.fr\/blog\/pourquoi-choisir-les-fleurs-de-lys-pour-une-decoration-raffinee\/\" rel=\"bookmark\">Pourquoi choisir les fleurs de lys pour une d\u00e9coration raffin\u00e9e<\/a><\/h4>\t\t\t<div class=\"p-meta has-bookmark\">\r\n\t\t\t\t<div class=\"meta-inner is-meta\">\r\n\t\t\t\t\t\t<div class=\"meta-el meta-date\">\r\n\t\t\t\t<time class=\"date published\" datetime=\"2025-10-29T16:50:47+01:00\">29 octobre 2025<\/time>\r\n\t\t<\/div>\t\t\t\t<\/div>\r\n\t\t\t\t<span class=\"rb-bookmark bookmark-trigger\" data-pid=\"2188\"><\/span>\t\t\t<\/div>\r\n\t\t\t\t<\/div>\r\n\t\t\t\t<\/div>\r\n\t\t\t<div class=\"p-wrap p-grid p-grid-small-1\" data-pid=\"2156\">\r\n\t\t\t\t<div class=\"feat-holder\">\r\n\t\t\t\t\t\t<div class=\"p-featured\">\r\n\t\t\t\t\t<a class=\"p-flink\" href=\"https:\/\/www.foliflora.fr\/blog\/quelle-est-la-saison-des-tulipes\/\" title=\"Quelle est la saison des tulipes ?\">\r\n\t\t\t<img loading=\"lazy\" decoding=\"async\" width=\"330\" height=\"220\" src=\"https:\/\/www.foliflora.fr\/blog\/wp-content\/uploads\/Quelle-est-la-saison-des-tulipes--330x220.png\" class=\"featured-img wp-post-image\" alt=\"d\u00e9couvrez quelle est la saison id\u00e9ale pour admirer la floraison des tulipes, les meilleures p\u00e9riodes pour les planter et profiter de leur beaut\u00e9 color\u00e9e dans votre jardin.\" loading=\"lazy\" \/>\t\t<\/a>\r\n\t\t\t\t<\/div>\r\n\t<div class=\"p-categories light-scheme p-top mobile-hide\"><a class=\"p-category category-id-20\" href=\"https:\/\/www.foliflora.fr\/blog\/category\/fleurs\/tulipes\/\" rel=\"category\">Tulipes<\/a><\/div><\/div>\r\n\t\t\t\t<div class=\"p-content\">\r\n\t\t\t<h4 class=\"entry-title\">\t\t<a class=\"p-url\" href=\"https:\/\/www.foliflora.fr\/blog\/quelle-est-la-saison-des-tulipes\/\" rel=\"bookmark\">Quelle est la saison des tulipes ?<\/a><\/h4>\t\t\t<div class=\"p-meta has-bookmark\">\r\n\t\t\t\t<div class=\"meta-inner is-meta\">\r\n\t\t\t\t\t\t<div class=\"meta-el meta-date\">\r\n\t\t\t\t<time class=\"date published\" datetime=\"2025-10-29T13:59:33+01:00\">29 octobre 2025<\/time>\r\n\t\t<\/div>\t\t\t\t<\/div>\r\n\t\t\t\t<span class=\"rb-bookmark bookmark-trigger\" data-pid=\"2156\"><\/span>\t\t\t<\/div>\r\n\t\t\t\t<\/div>\r\n\t\t\t\t<\/div>\r\n\t<\/div><\/div>\t\t\t\t<\/div>\n\t\t\t\t<\/div>\n\t\t\t\t\t<\/div>\n\t\t<\/div>\n\t\t\t\t<div class=\"elementor-column elementor-col-33 elementor-top-column elementor-element elementor-element-dd43c49 is-sidebar\" data-id=\"dd43c49\" data-element_type=\"column\" data-e-type=\"column\">\n\t\t\t<div class=\"elementor-widget-wrap elementor-element-populated\">\n\t\t\t\t\t\t<div class=\"elementor-element elementor-element-760ee28 elementor-invisible elementor-widget elementor-widget-foxiz-weather\" data-id=\"760ee28\" data-element_type=\"widget\" data-e-type=\"widget\" data-settings=\"{&quot;_animation&quot;:&quot;fadeIn&quot;}\" data-widget_type=\"foxiz-weather.default\">\n\t\t\t\t<div class=\"elementor-widget-container\">\n\t\t\t\t\t\t\t\t<div class=\"rb-weather-wrap\">\r\n\t\t\t\t\t\t\t\t\t<div class=\"rb-w-title h4\">\r\n\t\t\t\t\t\tM\u00e9t\u00e9o\t\t\t\t\t<\/div>\r\n\t\t\t\t\t\t\t\t<div class=\"rb-w-header\">\r\n\t\t\t\t\t<div class=\"col-left\">\r\n\t\t\t\t\t\t<div class=\"rb-w-big-icon\">\r\n\t\t\t\t\t\t\t<svg class=\"svg-icon svg-moon-full\" aria-hidden=\"true\" role=\"img\" focusable=\"false\" xmlns=\"http:\/\/www.w3.org\/2000\/svg\" viewBox=\"0 0 64 64\"><g><path fill=\"none\" stroke=\"#72b9d5\" stroke-linecap=\"round\" stroke-linejoin=\"round\" stroke-width=\"3\" d=\"M46.66 36.2a16.66 16.66 0 01-16.78-16.55 16.29 16.29 0 01.55-4.15A16.56 16.56 0 1048.5 36.1c-.61.06-1.22.1-1.84.1z\"\/><animateTransform attributeName=\"transform\" dur=\"10s\" repeatCount=\"indefinite\" type=\"rotate\" values=\"-5 32 32;15 32 32;-5 32 32\"\/><\/g><\/svg>\t\t\t\t\t\t<\/div>\r\n\t\t\t\t\t<\/div>\r\n\t\t\t\t\t<div class=\"col-right\">\r\n\t\t\t\t\t\t<div class=\"rb-w-units h6\">\r\n\t\t\t\t\t\t\t<span>17<\/span><span class=\"ruby-degrees\"><sup>&deg;C<\/sup><\/span>\r\n\t\t\t\t\t\t<\/div>\r\n\t\t\t\t\t<\/div>\r\n\t\t\t\t<\/div>\r\n\t\t\t\t<div class=\"rb-w-stats\">\r\n\t\t\t\t\t<div class=\"col-left\">\r\n\t\t\t\t\t\t<div class=\"rb-header-name h6\">\r\n\t\t\t\t\t\t\tParis\t\t\t\t\t\t<\/div>\r\n\t\t\t\t\t\t<div class=\"rb-w-desc\">\r\n\t\t\t\t\t\t\tciel d\u00e9gag\u00e9\t\t\t\t\t\t<\/div>\r\n\t\t\t\t\t<\/div>\r\n\t\t\t\t\t<div class=\"col-right\">\r\n\t\t\t\t\t\t<div class=\"rb-weather-highlow\">\r\n\t\t\t\t\t\t\t\t\t\t\t\t\t\t\t<span class=\"icon-high\"><svg class=\"svg-icon svg-high\" aria-hidden=\"true\" role=\"img\" focusable=\"false\" xmlns=\"http:\/\/www.w3.org\/2000\/svg\" viewBox=\"0 0 64 64\"><g><path fill=\"none\" stroke=\"#ef4444\" stroke-linecap=\"round\" stroke-linejoin=\"round\" stroke-width=\"3\" d=\"M32 44V20l-5.79 6.89L32 20l5.78 6.89\"\/><animateTransform attributeName=\"transform\" begin=\"0s\" dur=\"1.5s\" keyTimes=\"0.0; 0.5; 0.9; 1.0\" repeatCount=\"indefinite\" type=\"translate\" values=\"0 0; 0 0; 0 -9; 0 -9\"\/><animate attributeName=\"opacity\" dur=\"1.5s\" keyTimes=\"0.0; 0.3; 0.8; 0.9; 1.0\" repeatCount=\"indefinite\" values=\"0; 1; 1; 0; 0\"\/><\/g><\/svg><\/span>\r\n\t\t\t\t\t\t\t\t<span class=\"text-high\">18<sup>&deg;<\/sup><\/span>\r\n\t\t\t\t\t\t\t\t\t\t\t\t\t\t\t\t\t\t\t\t\t\t<span>&lowbar;<\/span>\r\n\t\t\t\t\t\t\t\t<span class=\"icon-low\"><svg class=\"svg-icon svg-low\" aria-hidden=\"true\" role=\"img\" focusable=\"false\" xmlns=\"http:\/\/www.w3.org\/2000\/svg\" viewBox=\"0 0 64 64\"><g><path fill=\"none\" stroke=\"#2885c7\" stroke-linecap=\"round\" stroke-linejoin=\"round\" stroke-width=\"3\" d=\"M32 20v24l-5.79-6.89L32 44l5.78-6.89\"\/><animateTransform attributeName=\"transform\" begin=\"0s\" dur=\"1.5s\" keyTimes=\"0.0; 0.5; 0.9; 1.0\" repeatCount=\"indefinite\" type=\"translate\" values=\"0 0; 0 0; 0 9; 0 9\"\/><animate attributeName=\"opacity\" dur=\"1.5s\" keyTimes=\"0.0; 0.3; 0.8; 0.9; 1.0\" repeatCount=\"indefinite\" values=\"0; 1; 1; 0; 0\"\/><\/g><\/svg><\/span>\r\n\t\t\t\t\t\t\t\t<span class=\"text-low\">16<sup>&deg;<\/sup><\/span>\r\n\t\t\t\t\t\t\t\t\t\t\t\t\t<\/div>\r\n\t\t\t\t\t\t<div class=\"rb-w-humidity\">\r\n\t\t\t\t\t\t\t\t\t\t\t\t\t\t\t<span class=\"icon-humidity\"><svg class=\"svg-icon svg-raindrop\" aria-hidden=\"true\" role=\"img\" focusable=\"false\" xmlns=\"http:\/\/www.w3.org\/2000\/svg\" viewBox=\"0 0 64 64\"><path fill=\"none\" stroke=\"#2885c7\" stroke-linecap=\"round\" stroke-linejoin=\"round\" stroke-width=\"2\" d=\"M32 17c-6.09 9-10 14.62-10 20.09a10 10 0 0020 0C42 31.62 38.09 26 32 17z\"\/><\/svg><\/span>\r\n\t\t\t\t\t\t\t\t<span>51%<\/span>\r\n\t\t\t\t\t\t\t\t\t\t\t\t\t<\/div>\r\n\t\t\t\t\t\t<div class=\"ruby-weather-wind\">\r\n\t\t\t\t\t\t\t\t\t\t\t\t\t\t\t<span class=\"icon-windy\"><svg class=\"svg-icon svg-windy\" aria-hidden=\"true\" role=\"img\" focusable=\"false\" xmlns=\"http:\/\/www.w3.org\/2000\/svg\" viewBox=\"0 0 64 64\"><g><path fill=\"none\" stroke=\"#888\" stroke-linecap=\"round\" stroke-miterlimit=\"10\" stroke-width=\"3\" d=\"M43.64 20a5 5 0 113.61 8.46h-35.5M29.14 44a5 5 0 103.61-8.46h-21\"\/><animateTransform attributeName=\"transform\" dur=\"2s\" repeatCount=\"indefinite\" type=\"translate\" values=\"-8 2; 0 -2; 8 0; 0 1; -8 2\"\/><\/g><\/svg><\/span>\r\n\t\t\t\t\t\t\t\t<span>5 km\/h <\/span>\r\n\t\t\t\t\t\t\t\t\t\t\t\t\t<\/div>\r\n\t\t\t\t\t<\/div>\r\n\t\t\t\t<\/div>\r\n\t\t\t\t\t\t\t\t\t<div class=\"w-forecast-wrap\">\r\n\t\t\t\t\t\t\t\t\t\t\t\t\t<div class=\"w-forecast-day forecast-day-5\">\r\n\t\t\t\t\t\t\t\t<div class=\"w-forecast-day h6\">mer<\/div>\r\n\t\t\t\t\t\t\t\t<div class=\"w-forecast-icon\"><svg class=\"svg-icon svg-cloudy\" aria-hidden=\"true\" role=\"img\" focusable=\"false\" xmlns=\"http:\/\/www.w3.org\/2000\/svg\" viewBox=\"0 0 64 64\"><defs><clipPath id=\"cloudy-1\"><path fill=\"none\" d=\"M41.8 20.25l4.48 6.61.22 4.64 5.31 2.45 1.69 5.97h8.08L61 27l-9.31-8.5-9.89 1.75z\"\/><\/clipPath><\/defs><g clip-path=\"url(#cloudy-1)\"><path fill=\"none\" stroke=\"#9ca3af\" stroke-linejoin=\"round\" stroke-width=\"2\" d=\"M34.23 33.45a4.05 4.05 0 004.05 4h16.51a4.34 4.34 0 00.81-8.61 3.52 3.52 0 00.06-.66 4.06 4.06 0 00-6.13-3.48 6.08 6.08 0 00-11.25 3.19 6.34 6.34 0 00.18 1.46h-.18a4.05 4.05 0 00-4.05 4.1z\"\/><animateTransform attributeName=\"transform\" dur=\"7s\" repeatCount=\"indefinite\" type=\"translate\" values=\"-2.1 0; 2.1 0; -2.1 0\"\/><\/g><g><path fill=\"none\" stroke=\"#dddddd\" stroke-linejoin=\"round\" stroke-width=\"3\" d=\"M46.5 31.5h-.32a10.49 10.49 0 00-19.11-8 7 7 0 00-10.57 6 7.21 7.21 0 00.1 1.14A7.5 7.5 0 0018 45.5a4.19 4.19 0 00.5 0v0h28a7 7 0 000-14z\"\/><animateTransform attributeName=\"transform\" dur=\"7s\" repeatCount=\"indefinite\" type=\"translate\" values=\"-3 0; 3 0; -3 0\"\/><\/g><\/svg><\/div>\r\n\t\t\t\t\t\t\t\t<div class=\"w-forecast-temp\">21\t\t\t\t\t\t\t\t\t<sup>&deg;C<\/sup>\r\n\t\t\t\t\t\t\t\t<\/div>\r\n\t\t\t\t\t\t\t<\/div>\r\n\t\t\t\t\t\t\t\t\t\t\t\t\t\t<div class=\"w-forecast-day forecast-day-5\">\r\n\t\t\t\t\t\t\t\t<div class=\"w-forecast-day h6\">jeu<\/div>\r\n\t\t\t\t\t\t\t\t<div class=\"w-forecast-icon\"><svg class=\"svg-icon svg-day-sunny\" aria-hidden=\"true\" role=\"img\" focusable=\"false\" xmlns=\"http:\/\/www.w3.org\/2000\/svg\" viewBox=\"0 0 64 64\"><g><path fill=\"#f59e0b\" d=\"M32 23.36A8.64 8.64 0 1123.36 32 8.66 8.66 0 0132 23.36m0-3A11.64 11.64 0 1043.64 32 11.64 11.64 0 0032 20.36z\"\/><path fill=\"none\" stroke=\"#f59e0b\" stroke-linecap=\"round\" stroke-miterlimit=\"10\" stroke-width=\"3\" d=\"M32 15.71V9.5\"><animate attributeName=\"stroke-dasharray\" calcMode=\"spline\" dur=\"5s\" keySplines=\"0.5 0 0.5 1; 0.5 0 0.5 1\" keyTimes=\"0; .5; 1\" repeatCount=\"indefinite\" values=\"3 6; 6 6; 3 6\"\/><\/path><path fill=\"none\" stroke=\"#f59e0b\" stroke-linecap=\"round\" stroke-miterlimit=\"10\" stroke-width=\"3\" d=\"M32 48.29v6.21\"><animate attributeName=\"stroke-dasharray\" calcMode=\"spline\" dur=\"5s\" keySplines=\"0.5 0 0.5 1; 0.5 0 0.5 1\" keyTimes=\"0; .5; 1\" repeatCount=\"indefinite\" values=\"3 6; 6 6; 3 6\"\/><\/path><path fill=\"none\" stroke=\"#f59e0b\" stroke-linecap=\"round\" stroke-miterlimit=\"10\" stroke-width=\"3\" d=\"M43.52 20.48l4.39-4.39\"><animate attributeName=\"stroke-dasharray\" calcMode=\"spline\" dur=\"5s\" keySplines=\"0.5 0 0.5 1; 0.5 0 0.5 1\" keyTimes=\"0; .5; 1\" repeatCount=\"indefinite\" values=\"3 6; 6 6; 3 6\"\/><\/path><path fill=\"none\" stroke=\"#f59e0b\" stroke-linecap=\"round\" stroke-miterlimit=\"10\" stroke-width=\"3\" d=\"M20.48 43.52l-4.39 4.39\"><animate attributeName=\"stroke-dasharray\" calcMode=\"spline\" dur=\"5s\" keySplines=\"0.5 0 0.5 1; 0.5 0 0.5 1\" keyTimes=\"0; .5; 1\" repeatCount=\"indefinite\" values=\"3 6; 6 6; 3 6\"\/><\/path><path fill=\"none\" stroke=\"#f59e0b\" stroke-linecap=\"round\" stroke-miterlimit=\"10\" stroke-width=\"3\" d=\"M20.48 20.48l-4.39-4.39\"><animate attributeName=\"stroke-dasharray\" calcMode=\"spline\" dur=\"5s\" keySplines=\"0.5 0 0.5 1; 0.5 0 0.5 1\" keyTimes=\"0; .5; 1\" repeatCount=\"indefinite\" values=\"3 6; 6 6; 3 6\"\/><\/path><path fill=\"none\" stroke=\"#f59e0b\" stroke-linecap=\"round\" stroke-miterlimit=\"10\" stroke-width=\"3\" d=\"M43.52 43.52l4.39 4.39\"><animate attributeName=\"stroke-dasharray\" calcMode=\"spline\" dur=\"5s\" keySplines=\"0.5 0 0.5 1; 0.5 0 0.5 1\" keyTimes=\"0; .5; 1\" repeatCount=\"indefinite\" values=\"3 6; 6 6; 3 6\"\/><\/path><path fill=\"none\" stroke=\"#f59e0b\" stroke-linecap=\"round\" stroke-miterlimit=\"10\" stroke-width=\"3\" d=\"M15.71 32H9.5\"><animate attributeName=\"stroke-dasharray\" calcMode=\"spline\" dur=\"5s\" keySplines=\"0.5 0 0.5 1; 0.5 0 0.5 1\" keyTimes=\"0; .5; 1\" repeatCount=\"indefinite\" values=\"3 6; 6 6; 3 6\"\/><\/path><path fill=\"none\" stroke=\"#f59e0b\" stroke-linecap=\"round\" stroke-miterlimit=\"10\" stroke-width=\"3\" d=\"M48.29 32h6.21\"><animate attributeName=\"stroke-dasharray\" calcMode=\"spline\" dur=\"5s\" keySplines=\"0.5 0 0.5 1; 0.5 0 0.5 1\" keyTimes=\"0; .5; 1\" repeatCount=\"indefinite\" values=\"3 6; 6 6; 3 6\"\/><\/path><animateTransform attributeName=\"transform\" dur=\"45s\" from=\"0 32 32\" repeatCount=\"indefinite\" to=\"360 32 32\" type=\"rotate\"\/><\/g><\/svg><\/div>\r\n\t\t\t\t\t\t\t\t<div class=\"w-forecast-temp\">20\t\t\t\t\t\t\t\t\t<sup>&deg;C<\/sup>\r\n\t\t\t\t\t\t\t\t<\/div>\r\n\t\t\t\t\t\t\t<\/div>\r\n\t\t\t\t\t\t\t\t\t\t\t\t\t\t<div class=\"w-forecast-day forecast-day-5\">\r\n\t\t\t\t\t\t\t\t<div class=\"w-forecast-day h6\">ven<\/div>\r\n\t\t\t\t\t\t\t\t<div class=\"w-forecast-icon\"><svg class=\"svg-icon svg-rain\" aria-hidden=\"true\" role=\"img\" focusable=\"false\" xmlns=\"http:\/\/www.w3.org\/2000\/svg\" viewBox=\"0 0 64 64\"><defs><clipPath id=\"day-rain-3\"><path fill=\"none\" d=\"M12 35l-5.28-4.21-2-6 1-7 4-5 5-3h6l5 1 3 3L33 20l-6 4h-6l-3 3v4l-4 2-2 2z\"\/><\/clipPath><\/defs><g clip-path=\"url(#day-rain-3)\"><g><path fill=\"#f59e0b\" d=\"M19 20.05A3.95 3.95 0 1115.05 24 4 4 0 0119 20.05m0-2A5.95 5.95 0 1025 24a5.95 5.95 0 00-6-5.95z\"\/><path fill=\"none\" stroke=\"#f59e0b\" stroke-linecap=\"round\" stroke-miterlimit=\"10\" stroke-width=\"2\" d=\"M19 15.67V12.5M19 35.5v-3.17M24.89 18.11l2.24-2.24M10.87 32.13l2.24-2.24M13.11 18.11l-2.24-2.24M27.13 32.13l-2.24-2.24M10.67 24H7.5M30.5 24h-3.17\"\/><animateTransform attributeName=\"transform\" dur=\"45s\" from=\"0 19.22 24.293\" repeatCount=\"indefinite\" to=\"360 19.22 24.293\" type=\"rotate\"\/><\/g><\/g><path fill=\"none\" stroke=\"#dddddd\" stroke-linecap=\"round\" stroke-linejoin=\"round\" stroke-width=\"3\" d=\"M43.67 45.5h2.83a7 7 0 000-14h-.32a10.49 10.49 0 00-19.11-8 7 7 0 00-10.57 6 7.21 7.21 0 00.1 1.14A7.5 7.5 0 0018 45.5a4.19 4.19 0 00.5 0v0\"\/><g><path fill=\"none\" stroke=\"#2885c7\" stroke-linecap=\"round\" stroke-miterlimit=\"10\" stroke-width=\"2\" d=\"M24.08 45.01l-.16.98\"\/><animateTransform attributeName=\"transform\" dur=\"1.5s\" repeatCount=\"indefinite\" type=\"translate\" values=\"1 -5; -2 10\"\/><animate attributeName=\"opacity\" dur=\"1.5s\" repeatCount=\"indefinite\" values=\"0;1;1;0\"\/><\/g><g><path fill=\"none\" stroke=\"#2885c7\" stroke-linecap=\"round\" stroke-miterlimit=\"10\" stroke-width=\"2\" d=\"M31.08 45.01l-.16.98\"\/><animateTransform attributeName=\"transform\" begin=\"-0.5s\" dur=\"1.5s\" repeatCount=\"indefinite\" type=\"translate\" values=\"1 -5; -2 10\"\/><animate attributeName=\"opacity\" begin=\"-0.5s\" dur=\"1.5s\" repeatCount=\"indefinite\" values=\"0;1;1;0\"\/><\/g><g><path fill=\"none\" stroke=\"#2885c7\" stroke-linecap=\"round\" stroke-miterlimit=\"10\" stroke-width=\"2\" d=\"M38.08 45.01l-.16.98\"\/><animateTransform attributeName=\"transform\" begin=\"-1s\" dur=\"1.5s\" repeatCount=\"indefinite\" type=\"translate\" values=\"1 -5; -2 10\"\/><animate attributeName=\"opacity\" begin=\"-1s\" dur=\"1.5s\" repeatCount=\"indefinite\" values=\"0;1;1;0\"\/><\/g><\/svg><\/div>\r\n\t\t\t\t\t\t\t\t<div class=\"w-forecast-temp\">23\t\t\t\t\t\t\t\t\t<sup>&deg;C<\/sup>\r\n\t\t\t\t\t\t\t\t<\/div>\r\n\t\t\t\t\t\t\t<\/div>\r\n\t\t\t\t\t\t\t\t\t\t\t\t\t\t<div class=\"w-forecast-day forecast-day-5\">\r\n\t\t\t\t\t\t\t\t<div class=\"w-forecast-day h6\">sam<\/div>\r\n\t\t\t\t\t\t\t\t<div class=\"w-forecast-icon\"><svg class=\"svg-icon svg-rain\" aria-hidden=\"true\" role=\"img\" focusable=\"false\" xmlns=\"http:\/\/www.w3.org\/2000\/svg\" viewBox=\"0 0 64 64\"><defs><clipPath id=\"day-rain-4\"><path fill=\"none\" d=\"M12 35l-5.28-4.21-2-6 1-7 4-5 5-3h6l5 1 3 3L33 20l-6 4h-6l-3 3v4l-4 2-2 2z\"\/><\/clipPath><\/defs><g clip-path=\"url(#day-rain-4)\"><g><path fill=\"#f59e0b\" d=\"M19 20.05A3.95 3.95 0 1115.05 24 4 4 0 0119 20.05m0-2A5.95 5.95 0 1025 24a5.95 5.95 0 00-6-5.95z\"\/><path fill=\"none\" stroke=\"#f59e0b\" stroke-linecap=\"round\" stroke-miterlimit=\"10\" stroke-width=\"2\" d=\"M19 15.67V12.5M19 35.5v-3.17M24.89 18.11l2.24-2.24M10.87 32.13l2.24-2.24M13.11 18.11l-2.24-2.24M27.13 32.13l-2.24-2.24M10.67 24H7.5M30.5 24h-3.17\"\/><animateTransform attributeName=\"transform\" dur=\"45s\" from=\"0 19.22 24.293\" repeatCount=\"indefinite\" to=\"360 19.22 24.293\" type=\"rotate\"\/><\/g><\/g><path fill=\"none\" stroke=\"#dddddd\" stroke-linecap=\"round\" stroke-linejoin=\"round\" stroke-width=\"3\" d=\"M43.67 45.5h2.83a7 7 0 000-14h-.32a10.49 10.49 0 00-19.11-8 7 7 0 00-10.57 6 7.21 7.21 0 00.1 1.14A7.5 7.5 0 0018 45.5a4.19 4.19 0 00.5 0v0\"\/><g><path fill=\"none\" stroke=\"#2885c7\" stroke-linecap=\"round\" stroke-miterlimit=\"10\" stroke-width=\"2\" d=\"M24.08 45.01l-.16.98\"\/><animateTransform attributeName=\"transform\" dur=\"1.5s\" repeatCount=\"indefinite\" type=\"translate\" values=\"1 -5; -2 10\"\/><animate attributeName=\"opacity\" dur=\"1.5s\" repeatCount=\"indefinite\" values=\"0;1;1;0\"\/><\/g><g><path fill=\"none\" stroke=\"#2885c7\" stroke-linecap=\"round\" stroke-miterlimit=\"10\" stroke-width=\"2\" d=\"M31.08 45.01l-.16.98\"\/><animateTransform attributeName=\"transform\" begin=\"-0.5s\" dur=\"1.5s\" repeatCount=\"indefinite\" type=\"translate\" values=\"1 -5; -2 10\"\/><animate attributeName=\"opacity\" begin=\"-0.5s\" dur=\"1.5s\" repeatCount=\"indefinite\" values=\"0;1;1;0\"\/><\/g><g><path fill=\"none\" stroke=\"#2885c7\" stroke-linecap=\"round\" stroke-miterlimit=\"10\" stroke-width=\"2\" d=\"M38.08 45.01l-.16.98\"\/><animateTransform attributeName=\"transform\" begin=\"-1s\" dur=\"1.5s\" repeatCount=\"indefinite\" type=\"translate\" values=\"1 -5; -2 10\"\/><animate attributeName=\"opacity\" begin=\"-1s\" dur=\"1.5s\" repeatCount=\"indefinite\" values=\"0;1;1;0\"\/><\/g><\/svg><\/div>\r\n\t\t\t\t\t\t\t\t<div class=\"w-forecast-temp\">18\t\t\t\t\t\t\t\t\t<sup>&deg;C<\/sup>\r\n\t\t\t\t\t\t\t\t<\/div>\r\n\t\t\t\t\t\t\t<\/div>\r\n\t\t\t\t\t\t\t\t\t\t\t\t\t\t<div class=\"w-forecast-day forecast-day-5\">\r\n\t\t\t\t\t\t\t\t<div class=\"w-forecast-day h6\">dim<\/div>\r\n\t\t\t\t\t\t\t\t<div class=\"w-forecast-icon\"><svg class=\"svg-icon svg-cloudy\" aria-hidden=\"true\" role=\"img\" focusable=\"false\" xmlns=\"http:\/\/www.w3.org\/2000\/svg\" viewBox=\"0 0 64 64\"><defs><clipPath id=\"cloudy-5\"><path fill=\"none\" d=\"M41.8 20.25l4.48 6.61.22 4.64 5.31 2.45 1.69 5.97h8.08L61 27l-9.31-8.5-9.89 1.75z\"\/><\/clipPath><\/defs><g clip-path=\"url(#cloudy-5)\"><path fill=\"none\" stroke=\"#9ca3af\" stroke-linejoin=\"round\" stroke-width=\"2\" d=\"M34.23 33.45a4.05 4.05 0 004.05 4h16.51a4.34 4.34 0 00.81-8.61 3.52 3.52 0 00.06-.66 4.06 4.06 0 00-6.13-3.48 6.08 6.08 0 00-11.25 3.19 6.34 6.34 0 00.18 1.46h-.18a4.05 4.05 0 00-4.05 4.1z\"\/><animateTransform attributeName=\"transform\" dur=\"7s\" repeatCount=\"indefinite\" type=\"translate\" values=\"-2.1 0; 2.1 0; -2.1 0\"\/><\/g><g><path fill=\"none\" stroke=\"#dddddd\" stroke-linejoin=\"round\" stroke-width=\"3\" d=\"M46.5 31.5h-.32a10.49 10.49 0 00-19.11-8 7 7 0 00-10.57 6 7.21 7.21 0 00.1 1.14A7.5 7.5 0 0018 45.5a4.19 4.19 0 00.5 0v0h28a7 7 0 000-14z\"\/><animateTransform attributeName=\"transform\" dur=\"7s\" repeatCount=\"indefinite\" type=\"translate\" values=\"-3 0; 3 0; -3 0\"\/><\/g><\/svg><\/div>\r\n\t\t\t\t\t\t\t\t<div class=\"w-forecast-temp\">14\t\t\t\t\t\t\t\t\t<sup>&deg;C<\/sup>\r\n\t\t\t\t\t\t\t\t<\/div>\r\n\t\t\t\t\t\t\t<\/div>\r\n\t\t\t\t\t\t\t\t\t\t\t\t<\/div>\r\n\t\t\t\t\t\t\t<\/div>\r\n\t\t\t\t\t\t<\/div>\n\t\t\t\t<\/div>\n\t\t\t\t\t<\/div>\n\t\t<\/div>\n\t\t\t\t\t<\/div>\n\t\t<\/section>\n\t\t\t\t<section class=\"elementor-section elementor-top-section elementor-element elementor-element-57cc47c elementor-section-boxed elementor-section-height-default elementor-section-height-default\" data-id=\"57cc47c\" data-element_type=\"section\" data-e-type=\"section\" data-settings=\"{&quot;background_background&quot;:&quot;gradient&quot;,&quot;animation&quot;:&quot;none&quot;}\">\n\t\t\t\t\t\t<div class=\"elementor-container elementor-column-gap-no\">\n\t\t\t\t\t<div class=\"elementor-column elementor-col-100 elementor-top-column elementor-element elementor-element-606900d\" data-id=\"606900d\" data-element_type=\"column\" data-e-type=\"column\">\n\t\t\t<div class=\"elementor-widget-wrap elementor-element-populated\">\n\t\t\t\t\t\t<div class=\"elementor-element elementor-element-c2ecc34 elementor-widget elementor-widget-foxiz-heading\" data-id=\"c2ecc34\" data-element_type=\"widget\" data-e-type=\"widget\" data-widget_type=\"foxiz-heading.default\">\n\t\t\t\t<div class=\"elementor-widget-container\">\n\t\t\t\t\t<div id=\"uid_c2ecc34\" class=\"block-h heading-layout-1 light-scheme\"><div class=\"heading-inner\"><h3 class=\"heading-title\"><span>R\u00e9cemment publi\u00e9<\/span><\/h3><\/div><\/div>\t\t\t\t<\/div>\n\t\t\t\t<\/div>\n\t\t\t\t<section class=\"elementor-section elementor-inner-section elementor-element elementor-element-1c5be10 elementor-section-boxed elementor-section-height-default elementor-section-height-default elementor-invisible\" data-id=\"1c5be10\" data-element_type=\"section\" data-e-type=\"section\" data-settings=\"{&quot;animation&quot;:&quot;fadeIn&quot;}\">\n\t\t\t\t\t\t<div class=\"elementor-container elementor-column-gap-custom\">\n\t\t\t\t\t<div class=\"elementor-column elementor-col-50 elementor-inner-column elementor-element elementor-element-64fb4e2\" data-id=\"64fb4e2\" data-element_type=\"column\" data-e-type=\"column\">\n\t\t\t<div class=\"elementor-widget-wrap elementor-element-populated\">\n\t\t\t\t\t\t<div class=\"elementor-element elementor-element-e82ce92 elementor-widget elementor-widget-foxiz-overlay-1\" data-id=\"e82ce92\" data-element_type=\"widget\" data-e-type=\"widget\" data-widget_type=\"foxiz-overlay-1.default\">\n\t\t\t\t<div class=\"elementor-widget-container\">\n\t\t\t\t\t<div id=\"uid_e82ce92\" class=\"block-wrap block-overlay overlay-1 p-gradient ecat-bg-1 ecat-size-big meta-s-default\"><div class=\"block-inner\">\t\t<div class=\"p-wrap p-highlight p-overlay-1\" data-pid=\"2383\">\r\n\t\t\t<div class=\"overlay-holder\">\r\n\t\t\t\t\t<div class=\"p-featured\">\r\n\t\t\t\t\t<a class=\"p-flink\" href=\"https:\/\/www.foliflora.fr\/blog\/saint-valentin-guide-complet-pour-reussir-votre-cadeau-de-roses\/\" title=\"Saint-Valentin : guide complet pour r\u00e9ussir votre cadeau de roses\">\r\n\t\t\t<img loading=\"lazy\" decoding=\"async\" width=\"615\" height=\"410\" src=\"https:\/\/www.foliflora.fr\/blog\/wp-content\/uploads\/Saint-Valentin-guide-complet-pour-reussir-votre-cadeau-de-roses-615x410.jpg\" class=\"featured-img wp-post-image\" alt=\"d\u00e9couvrez notre guide complet pour r\u00e9ussir votre cadeau de roses \u00e0 la saint-valentin et faites fondre le c\u0153ur de votre moiti\u00e9 avec le bouquet parfait.\" loading=\"lazy\" \/>\t\t<\/a>\r\n\t\t\t\t<\/div>\r\n\t\t\t\t<div class=\"overlay-wrap\">\r\n\t\t\t\t<div class=\"overlay-inner p-content light-scheme\">\r\n\t\t\t\t\t<div class=\"p-categories p-top\"><a class=\"p-category category-id-25\" href=\"https:\/\/www.foliflora.fr\/blog\/category\/occasions\/saint-valentin\/\" rel=\"category\">Saint-Valentin<\/a><\/div><h2 class=\"entry-title\">\t\t<a class=\"p-url\" href=\"https:\/\/www.foliflora.fr\/blog\/saint-valentin-guide-complet-pour-reussir-votre-cadeau-de-roses\/\" rel=\"bookmark\">Saint-Valentin : guide complet pour r\u00e9ussir votre cadeau de roses<\/a><\/h2>\t\t\t<div class=\"p-meta has-bookmark\">\r\n\t\t\t\t<div class=\"meta-inner is-meta\">\r\n\t\t\t\t\t\t\t<a class=\"meta-el meta-avatar\" href=\"https:\/\/www.foliflora.fr\/blog\/author\/flora\/\" rel=\"nofollow\" aria-label=\"Visit posts by Flora\"><\/a>\r\n\t\t\t\t<div class=\"meta-el meta-author\">\r\n\t\t\t<a href=\"https:\/\/www.foliflora.fr\/blog\/author\/flora\/\">Flora<\/a>\t\t<\/div>\r\n\t\t\t<div class=\"meta-el meta-date\">\r\n\t\t\t\t<time class=\"date published\" datetime=\"2026-01-19T09:58:31+01:00\">19 janvier 2026<\/time>\r\n\t\t<\/div>\t\t\t\t<\/div>\r\n\t\t\t\t<span class=\"rb-bookmark bookmark-trigger\" data-pid=\"2383\"><\/span>\t\t\t<\/div>\r\n\t\t\t\t\t\t<\/div>\r\n\t\t\t<\/div>\r\n\t\t<\/div>\r\n\t\t\t\t<\/div>\r\n\t<\/div><\/div>\t\t\t\t<\/div>\n\t\t\t\t<\/div>\n\t\t\t\t\t<\/div>\n\t\t<\/div>\n\t\t\t\t<div class=\"elementor-column elementor-col-50 elementor-inner-column elementor-element elementor-element-7552adf\" data-id=\"7552adf\" data-element_type=\"column\" data-e-type=\"column\">\n\t\t\t<div class=\"elementor-widget-wrap elementor-element-populated\">\n\t\t\t\t\t\t<div class=\"elementor-element elementor-element-020fb53 elementor-widget elementor-widget-foxiz-grid-1\" data-id=\"020fb53\" data-element_type=\"widget\" data-e-type=\"widget\" data-widget_type=\"foxiz-grid-1.default\">\n\t\t\t\t<div class=\"elementor-widget-container\">\n\t\t\t\t\t<div id=\"uid_020fb53\" class=\"block-wrap block-grid block-grid-1 rb-columns rb-col-2 is-gap-custom light-scheme ecat-bg-1 ecat-size-big ict-1 meta-s-default\"><div class=\"block-inner\">\t\t<div class=\"p-wrap p-grid p-grid-1\" data-pid=\"2219\">\r\n\t\t\t\t<div class=\"feat-holder\">\r\n\t\t\t\t\t\t<div class=\"p-featured\">\r\n\t\t\t\t\t<a class=\"p-flink\" href=\"https:\/\/www.foliflora.fr\/blog\/fleurs-de-noel-idees-originales-pour-sublimer-votre-table-de-fetes\/\" title=\"Fleurs de No\u00ebl : id\u00e9es originales pour sublimer votre table de f\u00eates\">\r\n\t\t\t<img loading=\"lazy\" decoding=\"async\" width=\"615\" height=\"410\" src=\"https:\/\/www.foliflora.fr\/blog\/wp-content\/uploads\/Fleurs-de-Noel-idees-originales-pour-sublimer-votre-table-de-fetes-615x410.png\" class=\"featured-img wp-post-image\" alt=\"d\u00e9couvrez des id\u00e9es cr\u00e9atives de fleurs de no\u00ebl pour d\u00e9corer et sublimer votre table de f\u00eates. inspirez-vous de nos conseils pour une ambiance chaleureuse et festive !\" loading=\"lazy\" \/>\t\t<\/a>\r\n\t\t\t\t<\/div>\r\n\t<div class=\"p-categories light-scheme p-top\"><a class=\"p-category category-id-30\" href=\"https:\/\/www.foliflora.fr\/blog\/category\/occasions\/noel\/\" rel=\"category\">No\u00ebl<\/a><\/div><\/div>\r\n\t\t<h3 class=\"entry-title counter-el-1\">\t\t<a class=\"p-url\" href=\"https:\/\/www.foliflora.fr\/blog\/fleurs-de-noel-idees-originales-pour-sublimer-votre-table-de-fetes\/\" rel=\"bookmark\">Fleurs de No\u00ebl : id\u00e9es originales pour sublimer votre table de f\u00eates<\/a><\/h3>\t\t\t<div class=\"p-meta has-bookmark\">\r\n\t\t\t\t<div class=\"meta-inner is-meta\">\r\n\t\t\t\t\t\t\t<a class=\"meta-el meta-avatar\" href=\"https:\/\/www.foliflora.fr\/blog\/author\/flora\/\" rel=\"nofollow\" aria-label=\"Visit posts by Flora\"><\/a>\r\n\t\t\t\t<div class=\"meta-el meta-author\">\r\n\t\t\t<a href=\"https:\/\/www.foliflora.fr\/blog\/author\/flora\/\">Flora<\/a>\t\t<\/div>\r\n\t\t\t<div class=\"meta-el meta-date\">\r\n\t\t\t\t<time class=\"date published\" datetime=\"2025-10-30T10:28:45+01:00\">30 octobre 2025<\/time>\r\n\t\t<\/div>\t\t\t\t<\/div>\r\n\t\t\t\t<span class=\"rb-bookmark bookmark-trigger\" data-pid=\"2219\"><\/span>\t\t\t<\/div>\r\n\t\t\t\t<\/div>\r\n\t\t\t<div class=\"p-wrap p-grid p-grid-1\" data-pid=\"2380\">\r\n\t\t\t\t<div class=\"feat-holder\">\r\n\t\t\t\t\t\t<div class=\"p-featured\">\r\n\t\t\t\t\t<a class=\"p-flink\" href=\"https:\/\/www.foliflora.fr\/blog\/les-meilleures-astuces-pour-offrir-des-roses-inoubliables-a-la-saint-valentin\/\" title=\"Les meilleures astuces pour offrir des roses inoubliables \u00e0 la Saint-Valentin\">\r\n\t\t\t<img loading=\"lazy\" decoding=\"async\" width=\"615\" height=\"410\" src=\"https:\/\/www.foliflora.fr\/blog\/wp-content\/uploads\/Les-meilleures-astuces-pour-offrir-des-roses-inoubliables-a-la-Saint-Valentin-615x410.jpg\" class=\"featured-img wp-post-image\" alt=\"d\u00e9couvrez les meilleures astuces pour offrir des roses inoubliables \u00e0 la saint-valentin et faites de ce moment un souvenir magique et romantique.\" loading=\"lazy\" \/>\t\t<\/a>\r\n\t\t\t\t<\/div>\r\n\t<div class=\"p-categories light-scheme p-top\"><a class=\"p-category category-id-25\" href=\"https:\/\/www.foliflora.fr\/blog\/category\/occasions\/saint-valentin\/\" rel=\"category\">Saint-Valentin<\/a><\/div><\/div>\r\n\t\t<h3 class=\"entry-title counter-el-1\">\t\t<a class=\"p-url\" href=\"https:\/\/www.foliflora.fr\/blog\/les-meilleures-astuces-pour-offrir-des-roses-inoubliables-a-la-saint-valentin\/\" rel=\"bookmark\">Les meilleures astuces pour offrir des roses inoubliables \u00e0 la Saint-Valentin<\/a><\/h3>\t\t\t<div class=\"p-meta has-bookmark\">\r\n\t\t\t\t<div class=\"meta-inner is-meta\">\r\n\t\t\t\t\t\t\t<a class=\"meta-el meta-avatar\" href=\"https:\/\/www.foliflora.fr\/blog\/author\/flora\/\" rel=\"nofollow\" aria-label=\"Visit posts by Flora\"><\/a>\r\n\t\t\t\t<div class=\"meta-el meta-author\">\r\n\t\t\t<a href=\"https:\/\/www.foliflora.fr\/blog\/author\/flora\/\">Flora<\/a>\t\t<\/div>\r\n\t\t\t<div class=\"meta-el meta-date\">\r\n\t\t\t\t<time class=\"date published\" datetime=\"2026-01-28T17:58:07+01:00\">28 janvier 2026<\/time>\r\n\t\t<\/div>\t\t\t\t<\/div>\r\n\t\t\t\t<span class=\"rb-bookmark bookmark-trigger\" data-pid=\"2380\"><\/span>\t\t\t<\/div>\r\n\t\t\t\t<\/div>\r\n\t<\/div><\/div>\t\t\t\t<\/div>\n\t\t\t\t<\/div>\n\t\t\t\t\t<\/div>\n\t\t<\/div>\n\t\t\t\t\t<\/div>\n\t\t<\/section>\n\t\t\t\t<div class=\"elementor-element elementor-element-7861740 elementor-widget elementor-widget-foxiz-list-small-2\" data-id=\"7861740\" data-element_type=\"widget\" data-e-type=\"widget\" data-widget_type=\"foxiz-list-small-2.default\">\n\t\t\t\t<div class=\"elementor-widget-container\">\n\t\t\t\t\t<div id=\"uid_7861740\" class=\"block-wrap block-small block-list block-list-small-2 rb-columns rb-col-3 rb-tcol-1 rb-mcol-1 is-gap-custom light-scheme is-feat-left ict-1 meta-s-default\"><div class=\"block-inner\">\t\t<div class=\"p-wrap p-small p-list-small-2\" data-pid=\"2265\">\r\n\t\t\t\t<div class=\"feat-holder\">\t\t<div class=\"p-featured ratio-v1\">\r\n\t\t\t\t\t<a class=\"p-flink\" href=\"https:\/\/www.foliflora.fr\/blog\/comment-choisir-des-fleurs-pour-une-ambiance-de-noel-magique\/\" title=\"Comment choisir des fleurs pour une ambiance de No\u00ebl magique\">\r\n\t\t\t<img loading=\"lazy\" decoding=\"async\" width=\"1536\" height=\"1024\" src=\"https:\/\/www.foliflora.fr\/blog\/wp-content\/uploads\/Comment-choisir-des-fleurs-pour-une-ambiance-de-Noel-magique.png\" class=\"featured-img wp-post-image\" alt=\"d\u00e9couvrez nos conseils pour choisir les fleurs parfaites et cr\u00e9er une ambiance de no\u00ebl magique et chaleureuse dans votre maison.\" loading=\"lazy\" \/>\t\t<\/a>\r\n\t\t\t\t<\/div>\r\n\t<\/div>\r\n\t\t\t\t<div class=\"p-content\">\r\n\t\t\t<h4 class=\"entry-title counter-el-1\">\t\t<a class=\"p-url\" href=\"https:\/\/www.foliflora.fr\/blog\/comment-choisir-des-fleurs-pour-une-ambiance-de-noel-magique\/\" rel=\"bookmark\">Comment choisir des fleurs pour une ambiance de No\u00ebl magique<\/a><\/h4>\t\t\t<div class=\"p-meta has-bookmark\">\r\n\t\t\t\t<div class=\"meta-inner is-meta\">\r\n\t\t\t\t\t\t<div class=\"meta-el meta-date\">\r\n\t\t\t\t<time class=\"date published\" datetime=\"2025-11-18T09:05:25+01:00\">18 novembre 2025<\/time>\r\n\t\t<\/div>\t\t\t\t<\/div>\r\n\t\t\t\t<span class=\"rb-bookmark bookmark-trigger\" data-pid=\"2265\"><\/span>\t\t\t<\/div>\r\n\t\t\t\t<\/div>\r\n\t\t\t\t<\/div>\r\n\t\t\t<div class=\"p-wrap p-small p-list-small-2\" data-pid=\"2160\">\r\n\t\t\t\t<div class=\"feat-holder\">\t\t<div class=\"p-featured ratio-v1\">\r\n\t\t\t\t\t<a class=\"p-flink\" href=\"https:\/\/www.foliflora.fr\/blog\/pivoines-varietes-plantation-et-floraison-expliquees\/\" title=\"Pivoines : vari\u00e9t\u00e9s, plantation et floraison expliqu\u00e9es\">\r\n\t\t\t<img loading=\"lazy\" decoding=\"async\" width=\"1536\" height=\"1024\" src=\"https:\/\/www.foliflora.fr\/blog\/wp-content\/uploads\/Pivoines-varietes-plantation-et-floraison-expliquees.png\" class=\"featured-img wp-post-image\" alt=\"d\u00e9couvrez les diff\u00e9rentes vari\u00e9t\u00e9s de pivoines, nos conseils pour bien les planter et tout savoir sur leur floraison afin de r\u00e9ussir leur culture dans votre jardin.\" loading=\"lazy\" \/>\t\t<\/a>\r\n\t\t\t\t<\/div>\r\n\t<\/div>\r\n\t\t\t\t<div class=\"p-content\">\r\n\t\t\t<h4 class=\"entry-title counter-el-1\">\t\t<a class=\"p-url\" href=\"https:\/\/www.foliflora.fr\/blog\/pivoines-varietes-plantation-et-floraison-expliquees\/\" rel=\"bookmark\">Pivoines : vari\u00e9t\u00e9s, plantation et floraison expliqu\u00e9es<\/a><\/h4>\t\t\t<div class=\"p-meta has-bookmark\">\r\n\t\t\t\t<div class=\"meta-inner is-meta\">\r\n\t\t\t\t\t\t<div class=\"meta-el meta-date\">\r\n\t\t\t\t<time class=\"date published\" datetime=\"2025-10-29T14:06:52+01:00\">29 octobre 2025<\/time>\r\n\t\t<\/div>\t\t\t\t<\/div>\r\n\t\t\t\t<span class=\"rb-bookmark bookmark-trigger\" data-pid=\"2160\"><\/span>\t\t\t<\/div>\r\n\t\t\t\t<\/div>\r\n\t\t\t\t<\/div>\r\n\t\t\t<div class=\"p-wrap p-small p-list-small-2\" data-pid=\"2174\">\r\n\t\t\t\t<div class=\"feat-holder\">\t\t<div class=\"p-featured ratio-v1\">\r\n\t\t\t\t\t<a class=\"p-flink\" href=\"https:\/\/www.foliflora.fr\/blog\/roses-fraiches-ou-acheter-le-parfait-bouquet-cette-annee\/\" title=\"Roses fra\u00eeches : o\u00f9 acheter le parfait bouquet ?\">\r\n\t\t\t<img loading=\"lazy\" decoding=\"async\" width=\"1536\" height=\"1024\" src=\"https:\/\/www.foliflora.fr\/blog\/wp-content\/uploads\/Roses-fraiches-ou-acheter-le-parfait-bouquet-cette-annee.png\" class=\"featured-img wp-post-image\" alt=\"d\u00e9couvrez o\u00f9 acheter les plus beaux bouquets de roses fra\u00eeches cette ann\u00e9e. conseils, adresses et astuces pour choisir des fleurs de qualit\u00e9 et impressionner vos proches en toute occasion.\" loading=\"lazy\" \/>\t\t<\/a>\r\n\t\t\t\t<\/div>\r\n\t<\/div>\r\n\t\t\t\t<div class=\"p-content\">\r\n\t\t\t<h4 class=\"entry-title counter-el-1\">\t\t<a class=\"p-url\" href=\"https:\/\/www.foliflora.fr\/blog\/roses-fraiches-ou-acheter-le-parfait-bouquet-cette-annee\/\" rel=\"bookmark\">Roses fra\u00eeches : o\u00f9 acheter le parfait bouquet ?<\/a><\/h4>\t\t\t<div class=\"p-meta has-bookmark\">\r\n\t\t\t\t<div class=\"meta-inner is-meta\">\r\n\t\t\t\t\t\t<div class=\"meta-el meta-date\">\r\n\t\t\t\t<time class=\"date published\" datetime=\"2025-10-29T15:28:16+01:00\">29 octobre 2025<\/time>\r\n\t\t<\/div>\t\t\t\t<\/div>\r\n\t\t\t\t<span class=\"rb-bookmark bookmark-trigger\" data-pid=\"2174\"><\/span>\t\t\t<\/div>\r\n\t\t\t\t<\/div>\r\n\t\t\t\t<\/div>\r\n\t<\/div><\/div>\t\t\t\t<\/div>\n\t\t\t\t<\/div>\n\t\t\t\t\t<\/div>\n\t\t<\/div>\n\t\t\t\t\t<\/div>\n\t\t<\/section>\n\t\t\t\t<section class=\"elementor-section elementor-top-section elementor-element elementor-element-970a442 elementor-section-boxed elementor-section-height-default elementor-section-height-default\" data-id=\"970a442\" data-element_type=\"section\" data-e-type=\"section\" data-settings=\"{&quot;animation&quot;:&quot;none&quot;}\">\n\t\t\t\t\t\t<div class=\"elementor-container elementor-column-gap-custom\">\n\t\t\t\t\t<div class=\"elementor-column elementor-col-66 elementor-top-column elementor-element elementor-element-7d1ef53 elementor-invisible\" data-id=\"7d1ef53\" data-element_type=\"column\" data-e-type=\"column\" data-settings=\"{&quot;animation&quot;:&quot;fadeIn&quot;}\">\n\t\t\t<div class=\"elementor-widget-wrap elementor-element-populated\">\n\t\t\t\t\t\t<div class=\"elementor-element elementor-element-f396043 elementor-invisible elementor-widget elementor-widget-foxiz-heading\" data-id=\"f396043\" data-element_type=\"widget\" data-e-type=\"widget\" data-settings=\"{&quot;_animation&quot;:&quot;fadeIn&quot;}\" data-widget_type=\"foxiz-heading.default\">\n\t\t\t\t<div class=\"elementor-widget-container\">\n\t\t\t\t\t<div id=\"uid_f396043\" class=\"block-h heading-layout-1\"><div class=\"heading-inner\"><h3 class=\"heading-title\"><a class=\"h-link\" href=\"https:\/\/foxiz.themeruby.com\/default\/blog\/\" target=\"_blank\" rel=\"noopener\">Derniers articles<\/a><\/h3><\/div><\/div>\t\t\t\t<\/div>\n\t\t\t\t<\/div>\n\t\t\t\t<div class=\"elementor-element elementor-element-843bf0c elementor-invisible elementor-widget elementor-widget-foxiz-list-1\" data-id=\"843bf0c\" data-element_type=\"widget\" data-e-type=\"widget\" data-settings=\"{&quot;_animation&quot;:&quot;fadeIn&quot;}\" data-widget_type=\"foxiz-list-1.default\">\n\t\t\t\t<div class=\"elementor-widget-container\">\n\t\t\t\t\t<div id=\"uid_843bf0c\" class=\"block-wrap block-big block-list block-list-1 ecat-bg-1 is-feat-right meta-s-default\"><div class=\"block-inner\">\t\t<div class=\"p-wrap p-list p-list-1\" data-pid=\"2219\">\r\n\t\t\t<div class=\"list-holder\">\r\n\t\t\t\t\t\t\t<div class=\"list-feat-holder\">\r\n\t\t\t\t\t\t\t<div class=\"feat-holder\">\r\n\t\t\t\t\t<div class=\"p-featured\">\r\n\t\t\t\t\t<a class=\"p-flink\" href=\"https:\/\/www.foliflora.fr\/blog\/fleurs-de-noel-idees-originales-pour-sublimer-votre-table-de-fetes\/\" title=\"Fleurs de No\u00ebl : id\u00e9es originales pour sublimer votre table de f\u00eates\">\r\n\t\t\t<img loading=\"lazy\" decoding=\"async\" width=\"330\" height=\"220\" src=\"https:\/\/www.foliflora.fr\/blog\/wp-content\/uploads\/Fleurs-de-Noel-idees-originales-pour-sublimer-votre-table-de-fetes-330x220.png\" class=\"featured-img wp-post-image\" alt=\"d\u00e9couvrez des id\u00e9es cr\u00e9atives de fleurs de no\u00ebl pour d\u00e9corer et sublimer votre table de f\u00eates. inspirez-vous de nos conseils pour une ambiance chaleureuse et festive !\" loading=\"lazy\" \/>\t\t<\/a>\r\n\t\t\t\t<\/div>\r\n\t<div class=\"p-categories light-scheme p-top\"><a class=\"p-category category-id-30\" href=\"https:\/\/www.foliflora.fr\/blog\/category\/occasions\/noel\/\" rel=\"category\">No\u00ebl<\/a><\/div><\/div>\r\n\t\t\t\t\t<\/div>\r\n\t\t\t\t\t\t<div class=\"p-content\">\r\n\t\t\t\t<h3 class=\"entry-title\">\t\t<a class=\"p-url\" href=\"https:\/\/www.foliflora.fr\/blog\/fleurs-de-noel-idees-originales-pour-sublimer-votre-table-de-fetes\/\" rel=\"bookmark\">Fleurs de No\u00ebl : id\u00e9es originales pour sublimer votre table de f\u00eates<\/a><\/h3><p class=\"entry-summary\">Quand les f\u00eates de fin d\u2019ann\u00e9e approchent, la magie de No\u00ebl s\u2019invite&hellip;<\/p>\r\n\t\t\t\t\t\t<div class=\"p-meta has-bookmark\">\r\n\t\t\t\t<div class=\"meta-inner is-meta\">\r\n\t\t\t\t\t\t\t<a class=\"meta-el meta-avatar\" href=\"https:\/\/www.foliflora.fr\/blog\/author\/flora\/\" rel=\"nofollow\" aria-label=\"Visit posts by Flora\"><\/a>\r\n\t\t\t\t<div class=\"meta-el meta-author\">\r\n\t\t\t<a href=\"https:\/\/www.foliflora.fr\/blog\/author\/flora\/\">Flora<\/a>\t\t<\/div>\r\n\t\t\t<div class=\"meta-el meta-date\">\r\n\t\t\t\t<time class=\"date published\" datetime=\"2025-10-30T10:28:45+01:00\">30 octobre 2025<\/time>\r\n\t\t<\/div>\t\t\t\t<\/div>\r\n\t\t\t\t<span class=\"rb-bookmark bookmark-trigger\" data-pid=\"2219\"><\/span>\t\t\t<\/div>\r\n\t\t\t\t\t<\/div>\r\n\t\t<\/div>\r\n\t\t\t\t<\/div>\r\n\t\t\t<div class=\"p-wrap p-list p-list-1\" data-pid=\"2383\">\r\n\t\t\t<div class=\"list-holder\">\r\n\t\t\t\t\t\t\t<div class=\"list-feat-holder\">\r\n\t\t\t\t\t\t\t<div class=\"feat-holder\">\r\n\t\t\t\t\t<div class=\"p-featured\">\r\n\t\t\t\t\t<a class=\"p-flink\" href=\"https:\/\/www.foliflora.fr\/blog\/saint-valentin-guide-complet-pour-reussir-votre-cadeau-de-roses\/\" title=\"Saint-Valentin : guide complet pour r\u00e9ussir votre cadeau de roses\">\r\n\t\t\t<img loading=\"lazy\" decoding=\"async\" width=\"330\" height=\"220\" src=\"https:\/\/www.foliflora.fr\/blog\/wp-content\/uploads\/Saint-Valentin-guide-complet-pour-reussir-votre-cadeau-de-roses-330x220.jpg\" class=\"featured-img wp-post-image\" alt=\"d\u00e9couvrez notre guide complet pour r\u00e9ussir votre cadeau de roses \u00e0 la saint-valentin et faites fondre le c\u0153ur de votre moiti\u00e9 avec le bouquet parfait.\" loading=\"lazy\" \/>\t\t<\/a>\r\n\t\t\t\t<\/div>\r\n\t<div class=\"p-categories light-scheme p-top\"><a class=\"p-category category-id-25\" href=\"https:\/\/www.foliflora.fr\/blog\/category\/occasions\/saint-valentin\/\" rel=\"category\">Saint-Valentin<\/a><\/div><\/div>\r\n\t\t\t\t\t<\/div>\r\n\t\t\t\t\t\t<div class=\"p-content\">\r\n\t\t\t\t<h3 class=\"entry-title\">\t\t<a class=\"p-url\" href=\"https:\/\/www.foliflora.fr\/blog\/saint-valentin-guide-complet-pour-reussir-votre-cadeau-de-roses\/\" rel=\"bookmark\">Saint-Valentin : guide complet pour r\u00e9ussir votre cadeau de roses<\/a><\/h3><p class=\"entry-summary\">\u00c0 l\u2019approche de la Saint-Valentin, offrir des fleurs demeure le geste par&hellip;<\/p>\r\n\t\t\t\t\t\t<div class=\"p-meta has-bookmark\">\r\n\t\t\t\t<div class=\"meta-inner is-meta\">\r\n\t\t\t\t\t\t\t<a class=\"meta-el meta-avatar\" href=\"https:\/\/www.foliflora.fr\/blog\/author\/flora\/\" rel=\"nofollow\" aria-label=\"Visit posts by Flora\"><\/a>\r\n\t\t\t\t<div class=\"meta-el meta-author\">\r\n\t\t\t<a href=\"https:\/\/www.foliflora.fr\/blog\/author\/flora\/\">Flora<\/a>\t\t<\/div>\r\n\t\t\t<div class=\"meta-el meta-date\">\r\n\t\t\t\t<time class=\"date published\" datetime=\"2026-01-19T09:58:31+01:00\">19 janvier 2026<\/time>\r\n\t\t<\/div>\t\t\t\t<\/div>\r\n\t\t\t\t<span class=\"rb-bookmark bookmark-trigger\" data-pid=\"2383\"><\/span>\t\t\t<\/div>\r\n\t\t\t\t\t<\/div>\r\n\t\t<\/div>\r\n\t\t\t\t<\/div>\r\n\t\t\t<div class=\"p-wrap p-list p-list-1\" data-pid=\"2378\">\r\n\t\t\t<div class=\"list-holder\">\r\n\t\t\t\t\t\t\t<div class=\"list-feat-holder\">\r\n\t\t\t\t\t\t\t<div class=\"feat-holder\">\r\n\t\t\t\t\t<div class=\"p-featured\">\r\n\t\t\t\t\t<a class=\"p-flink\" href=\"https:\/\/www.foliflora.fr\/blog\/comment-choisir-les-roses-parfaites-pour-la-saint-valentin\/\" title=\"Comment choisir les roses parfaites pour la Saint-Valentin\">\r\n\t\t\t<img loading=\"lazy\" decoding=\"async\" width=\"330\" height=\"220\" src=\"https:\/\/www.foliflora.fr\/blog\/wp-content\/uploads\/Comment-choisir-les-roses-parfaites-pour-la-Saint-Valentin-330x220.jpg\" class=\"featured-img wp-post-image\" alt=\"d\u00e9couvrez nos conseils pour choisir les roses parfaites \u00e0 offrir pour la saint-valentin et faire de ce moment un souvenir inoubliable.\" loading=\"lazy\" \/>\t\t<\/a>\r\n\t\t\t\t<\/div>\r\n\t<div class=\"p-categories light-scheme p-top\"><a class=\"p-category category-id-25\" href=\"https:\/\/www.foliflora.fr\/blog\/category\/occasions\/saint-valentin\/\" rel=\"category\">Saint-Valentin<\/a><\/div><\/div>\r\n\t\t\t\t\t<\/div>\r\n\t\t\t\t\t\t<div class=\"p-content\">\r\n\t\t\t\t<h3 class=\"entry-title\">\t\t<a class=\"p-url\" href=\"https:\/\/www.foliflora.fr\/blog\/comment-choisir-les-roses-parfaites-pour-la-saint-valentin\/\" rel=\"bookmark\">Comment choisir les roses parfaites pour la Saint-Valentin<\/a><\/h3><p class=\"entry-summary\">Offrir un bouquet de roses \u00e0 l\u2019occasion de la Saint-Valentin est un&hellip;<\/p>\r\n\t\t\t\t\t\t<div class=\"p-meta has-bookmark\">\r\n\t\t\t\t<div class=\"meta-inner is-meta\">\r\n\t\t\t\t\t\t\t<a class=\"meta-el meta-avatar\" href=\"https:\/\/www.foliflora.fr\/blog\/author\/flora\/\" rel=\"nofollow\" aria-label=\"Visit posts by Flora\"><\/a>\r\n\t\t\t\t<div class=\"meta-el meta-author\">\r\n\t\t\t<a href=\"https:\/\/www.foliflora.fr\/blog\/author\/flora\/\">Flora<\/a>\t\t<\/div>\r\n\t\t\t<div class=\"meta-el meta-date\">\r\n\t\t\t\t<time class=\"date published\" datetime=\"2026-01-28T18:00:26+01:00\">28 janvier 2026<\/time>\r\n\t\t<\/div>\t\t\t\t<\/div>\r\n\t\t\t\t<span class=\"rb-bookmark bookmark-trigger\" data-pid=\"2378\"><\/span>\t\t\t<\/div>\r\n\t\t\t\t\t<\/div>\r\n\t\t<\/div>\r\n\t\t\t\t<\/div>\r\n\t\t\t<div class=\"p-wrap p-list p-list-1\" data-pid=\"2211\">\r\n\t\t\t<div class=\"list-holder\">\r\n\t\t\t\t\t\t\t<div class=\"list-feat-holder\">\r\n\t\t\t\t\t\t\t<div class=\"feat-holder\">\r\n\t\t\t\t\t<div class=\"p-featured\">\r\n\t\t\t\t\t<a class=\"p-flink\" href=\"https:\/\/www.foliflora.fr\/blog\/quelles-fleurs-offrir-pour-la-fete-des-grands-meres\/\" title=\"Quelles fleurs offrir pour la f\u00eate des grands-m\u00e8res ?\">\r\n\t\t\t<img loading=\"lazy\" decoding=\"async\" width=\"330\" height=\"220\" src=\"https:\/\/www.foliflora.fr\/blog\/wp-content\/uploads\/Quelles-fleurs-offrir-pour-la-fete-des-grands-meres--330x220.png\" class=\"featured-img wp-post-image\" alt=\"d\u00e9couvrez quelles fleurs choisir pour la f\u00eate des grands-m\u00e8res. trouvez l\u2019inspiration pour offrir le bouquet id\u00e9al et exprimer tout votre amour \u00e0 votre mamie lors de cette occasion sp\u00e9ciale.\" loading=\"lazy\" \/>\t\t<\/a>\r\n\t\t\t\t<\/div>\r\n\t<div class=\"p-categories light-scheme p-top\"><a class=\"p-category category-id-26\" href=\"https:\/\/www.foliflora.fr\/blog\/category\/occasions\/fete-des-grands-meres\/\" rel=\"category\">F\u00eate des Grands-M\u00e8res<\/a><\/div><\/div>\r\n\t\t\t\t\t<\/div>\r\n\t\t\t\t\t\t<div class=\"p-content\">\r\n\t\t\t\t<h3 class=\"entry-title\">\t\t<a class=\"p-url\" href=\"https:\/\/www.foliflora.fr\/blog\/quelles-fleurs-offrir-pour-la-fete-des-grands-meres\/\" rel=\"bookmark\">Quelles fleurs offrir pour la f\u00eate des grands-m\u00e8res ?<\/a><\/h3><p class=\"entry-summary\">\u00c0 l\u2019approche de la f\u00eate des grands-m\u00e8res, trouver le cadeau parfait est&hellip;<\/p>\r\n\t\t\t\t\t\t<div class=\"p-meta has-bookmark\">\r\n\t\t\t\t<div class=\"meta-inner is-meta\">\r\n\t\t\t\t\t\t\t<a class=\"meta-el meta-avatar\" href=\"https:\/\/www.foliflora.fr\/blog\/author\/flora\/\" rel=\"nofollow\" aria-label=\"Visit posts by Flora\"><\/a>\r\n\t\t\t\t<div class=\"meta-el meta-author\">\r\n\t\t\t<a href=\"https:\/\/www.foliflora.fr\/blog\/author\/flora\/\">Flora<\/a>\t\t<\/div>\r\n\t\t\t<div class=\"meta-el meta-date\">\r\n\t\t\t\t<time class=\"date published\" datetime=\"2025-10-30T09:46:31+01:00\">30 octobre 2025<\/time>\r\n\t\t<\/div>\t\t\t\t<\/div>\r\n\t\t\t\t<span class=\"rb-bookmark bookmark-trigger\" data-pid=\"2211\"><\/span>\t\t\t<\/div>\r\n\t\t\t\t\t<\/div>\r\n\t\t<\/div>\r\n\t\t\t\t<\/div>\r\n\t\t\t<div class=\"p-wrap p-list p-list-1\" data-pid=\"2380\">\r\n\t\t\t<div class=\"list-holder\">\r\n\t\t\t\t\t\t\t<div class=\"list-feat-holder\">\r\n\t\t\t\t\t\t\t<div class=\"feat-holder\">\r\n\t\t\t\t\t<div class=\"p-featured\">\r\n\t\t\t\t\t<a class=\"p-flink\" href=\"https:\/\/www.foliflora.fr\/blog\/les-meilleures-astuces-pour-offrir-des-roses-inoubliables-a-la-saint-valentin\/\" title=\"Les meilleures astuces pour offrir des roses inoubliables \u00e0 la Saint-Valentin\">\r\n\t\t\t<img loading=\"lazy\" decoding=\"async\" width=\"330\" height=\"220\" src=\"https:\/\/www.foliflora.fr\/blog\/wp-content\/uploads\/Les-meilleures-astuces-pour-offrir-des-roses-inoubliables-a-la-Saint-Valentin-330x220.jpg\" class=\"featured-img wp-post-image\" alt=\"d\u00e9couvrez les meilleures astuces pour offrir des roses inoubliables \u00e0 la saint-valentin et faites de ce moment un souvenir magique et romantique.\" loading=\"lazy\" \/>\t\t<\/a>\r\n\t\t\t\t<\/div>\r\n\t<div class=\"p-categories light-scheme p-top\"><a class=\"p-category category-id-25\" href=\"https:\/\/www.foliflora.fr\/blog\/category\/occasions\/saint-valentin\/\" rel=\"category\">Saint-Valentin<\/a><\/div><\/div>\r\n\t\t\t\t\t<\/div>\r\n\t\t\t\t\t\t<div class=\"p-content\">\r\n\t\t\t\t<h3 class=\"entry-title\">\t\t<a class=\"p-url\" href=\"https:\/\/www.foliflora.fr\/blog\/les-meilleures-astuces-pour-offrir-des-roses-inoubliables-a-la-saint-valentin\/\" rel=\"bookmark\">Les meilleures astuces pour offrir des roses inoubliables \u00e0 la Saint-Valentin<\/a><\/h3><p class=\"entry-summary\">\u00c0 l'approche de la Saint-Valentin, le choix du cadeau id\u00e9al demeure un&hellip;<\/p>\r\n\t\t\t\t\t\t<div class=\"p-meta has-bookmark\">\r\n\t\t\t\t<div class=\"meta-inner is-meta\">\r\n\t\t\t\t\t\t\t<a class=\"meta-el meta-avatar\" href=\"https:\/\/www.foliflora.fr\/blog\/author\/flora\/\" rel=\"nofollow\" aria-label=\"Visit posts by Flora\"><\/a>\r\n\t\t\t\t<div class=\"meta-el meta-author\">\r\n\t\t\t<a href=\"https:\/\/www.foliflora.fr\/blog\/author\/flora\/\">Flora<\/a>\t\t<\/div>\r\n\t\t\t<div class=\"meta-el meta-date\">\r\n\t\t\t\t<time class=\"date published\" datetime=\"2026-01-28T17:58:07+01:00\">28 janvier 2026<\/time>\r\n\t\t<\/div>\t\t\t\t<\/div>\r\n\t\t\t\t<span class=\"rb-bookmark bookmark-trigger\" data-pid=\"2380\"><\/span>\t\t\t<\/div>\r\n\t\t\t\t\t<\/div>\r\n\t\t<\/div>\r\n\t\t\t\t<\/div>\r\n\t\t\t<div class=\"p-wrap p-list p-list-1\" data-pid=\"2212\">\r\n\t\t\t<div class=\"list-holder\">\r\n\t\t\t\t\t\t\t<div class=\"list-feat-holder\">\r\n\t\t\t\t\t\t\t<div class=\"feat-holder\">\r\n\t\t\t\t\t<div class=\"p-featured\">\r\n\t\t\t\t\t<a class=\"p-flink\" href=\"https:\/\/www.foliflora.fr\/blog\/idees-originales-de-compositions-florales-pour-la-fete-des-grands-meres\/\" title=\"Id\u00e9es originales de compositions florales pour la f\u00eate des grands-m\u00e8res\">\r\n\t\t\t<img loading=\"lazy\" decoding=\"async\" width=\"330\" height=\"220\" src=\"https:\/\/www.foliflora.fr\/blog\/wp-content\/uploads\/Idees-originales-de-compositions-florales-pour-la-fete-des-grands-meres-330x220.png\" class=\"featured-img wp-post-image\" alt=\"d\u00e9couvrez des id\u00e9es originales de compositions florales pour surprendre et faire plaisir \u00e0 votre grand-m\u00e8re lors de la f\u00eate des grands-m\u00e8res. inspirations cr\u00e9atives, conseils d\u00e9co et styles uniques au rendez-vous !\" loading=\"lazy\" \/>\t\t<\/a>\r\n\t\t\t\t<\/div>\r\n\t<div class=\"p-categories light-scheme p-top\"><a class=\"p-category category-id-26\" href=\"https:\/\/www.foliflora.fr\/blog\/category\/occasions\/fete-des-grands-meres\/\" rel=\"category\">F\u00eate des Grands-M\u00e8res<\/a><\/div><\/div>\r\n\t\t\t\t\t<\/div>\r\n\t\t\t\t\t\t<div class=\"p-content\">\r\n\t\t\t\t<h3 class=\"entry-title\">\t\t<a class=\"p-url\" href=\"https:\/\/www.foliflora.fr\/blog\/idees-originales-de-compositions-florales-pour-la-fete-des-grands-meres\/\" rel=\"bookmark\">Id\u00e9es originales de compositions florales pour la f\u00eate des grands-m\u00e8res<\/a><\/h3><p class=\"entry-summary\">La f\u00eate des grands-m\u00e8res reste un moment empreint d\u2019\u00e9motion, o\u00f9 offrir des&hellip;<\/p>\r\n\t\t\t\t\t\t<div class=\"p-meta has-bookmark\">\r\n\t\t\t\t<div class=\"meta-inner is-meta\">\r\n\t\t\t\t\t\t\t<a class=\"meta-el meta-avatar\" href=\"https:\/\/www.foliflora.fr\/blog\/author\/flora\/\" rel=\"nofollow\" aria-label=\"Visit posts by Flora\"><\/a>\r\n\t\t\t\t<div class=\"meta-el meta-author\">\r\n\t\t\t<a href=\"https:\/\/www.foliflora.fr\/blog\/author\/flora\/\">Flora<\/a>\t\t<\/div>\r\n\t\t\t<div class=\"meta-el meta-date\">\r\n\t\t\t\t<time class=\"date published\" datetime=\"2025-10-30T09:46:33+01:00\">30 octobre 2025<\/time>\r\n\t\t<\/div>\t\t\t\t<\/div>\r\n\t\t\t\t<span class=\"rb-bookmark bookmark-trigger\" data-pid=\"2212\"><\/span>\t\t\t<\/div>\r\n\t\t\t\t\t<\/div>\r\n\t\t<\/div>\r\n\t\t\t\t<\/div>\r\n\t\t\t<div class=\"p-wrap p-list p-list-1\" data-pid=\"2220\">\r\n\t\t\t<div class=\"list-holder\">\r\n\t\t\t\t\t\t\t<div class=\"list-feat-holder\">\r\n\t\t\t\t\t\t\t<div class=\"feat-holder\">\r\n\t\t\t\t\t<div class=\"p-featured\">\r\n\t\t\t\t\t<a class=\"p-flink\" href=\"https:\/\/www.foliflora.fr\/blog\/quelles-sont-les-fleurs-incontournables-a-offrir-pour-noel-cette-annee\/\" title=\"Quelles sont les fleurs incontournables \u00e0 offrir pour No\u00ebl cette ann\u00e9e\">\r\n\t\t\t<img loading=\"lazy\" decoding=\"async\" width=\"330\" height=\"220\" src=\"https:\/\/www.foliflora.fr\/blog\/wp-content\/uploads\/Quelles-sont-les-fleurs-incontournables-a-offrir-pour-Noel-cette-annee-330x220.png\" class=\"featured-img wp-post-image\" alt=\"d\u00e9couvrez notre s\u00e9lection des fleurs incontournables \u00e0 offrir pour no\u00ebl cette ann\u00e9e : id\u00e9es cadeaux florales \u00e9l\u00e9gantes et originales pour sublimer les f\u00eates de fin d&#039;ann\u00e9e.\" loading=\"lazy\" \/>\t\t<\/a>\r\n\t\t\t\t<\/div>\r\n\t<div class=\"p-categories light-scheme p-top\"><a class=\"p-category category-id-30\" href=\"https:\/\/www.foliflora.fr\/blog\/category\/occasions\/noel\/\" rel=\"category\">No\u00ebl<\/a><\/div><\/div>\r\n\t\t\t\t\t<\/div>\r\n\t\t\t\t\t\t<div class=\"p-content\">\r\n\t\t\t\t<h3 class=\"entry-title\">\t\t<a class=\"p-url\" href=\"https:\/\/www.foliflora.fr\/blog\/quelles-sont-les-fleurs-incontournables-a-offrir-pour-noel-cette-annee\/\" rel=\"bookmark\">Quelles sont les fleurs incontournables \u00e0 offrir pour No\u00ebl cette ann\u00e9e<\/a><\/h3><p class=\"entry-summary\">\u00c0 l\u2019approche des f\u00eates de fin d\u2019ann\u00e9e, offrir des fleurs pour No\u00ebl&hellip;<\/p>\r\n\t\t\t\t\t\t<div class=\"p-meta has-bookmark\">\r\n\t\t\t\t<div class=\"meta-inner is-meta\">\r\n\t\t\t\t\t\t\t<a class=\"meta-el meta-avatar\" href=\"https:\/\/www.foliflora.fr\/blog\/author\/flora\/\" rel=\"nofollow\" aria-label=\"Visit posts by Flora\"><\/a>\r\n\t\t\t\t<div class=\"meta-el meta-author\">\r\n\t\t\t<a href=\"https:\/\/www.foliflora.fr\/blog\/author\/flora\/\">Flora<\/a>\t\t<\/div>\r\n\t\t\t<div class=\"meta-el meta-date\">\r\n\t\t\t\t<time class=\"date published\" datetime=\"2025-10-30T10:28:46+01:00\">30 octobre 2025<\/time>\r\n\t\t<\/div>\t\t\t\t<\/div>\r\n\t\t\t\t<span class=\"rb-bookmark bookmark-trigger\" data-pid=\"2220\"><\/span>\t\t\t<\/div>\r\n\t\t\t\t\t<\/div>\r\n\t\t<\/div>\r\n\t\t\t\t<\/div>\r\n\t\t\t<div class=\"p-wrap p-list p-list-1\" data-pid=\"2241\">\r\n\t\t\t<div class=\"list-holder\">\r\n\t\t\t\t\t\t\t<div class=\"list-feat-holder\">\r\n\t\t\t\t\t\t\t<div class=\"feat-holder\">\r\n\t\t\t\t\t<div class=\"p-featured\">\r\n\t\t\t\t\t<a class=\"p-flink\" href=\"https:\/\/www.foliflora.fr\/blog\/les-plus-belles-fleurs-pour-decorer-votre-noel\/\" title=\"Les plus belles fleurs pour d\u00e9corer votre No\u00ebl\">\r\n\t\t\t<img loading=\"lazy\" decoding=\"async\" width=\"330\" height=\"220\" src=\"https:\/\/www.foliflora.fr\/blog\/wp-content\/uploads\/Les-plus-belles-fleurs-pour-decorer-votre-Noel-330x220.png\" class=\"featured-img wp-post-image\" alt=\"d\u00e9couvrez les plus belles fleurs pour d\u00e9corer votre no\u00ebl et apporter une touche de magie et de couleur \u00e0 vos f\u00eates de fin d&#039;ann\u00e9e.\" loading=\"lazy\" \/>\t\t<\/a>\r\n\t\t\t\t<\/div>\r\n\t<div class=\"p-categories light-scheme p-top\"><a class=\"p-category category-id-30\" href=\"https:\/\/www.foliflora.fr\/blog\/category\/occasions\/noel\/\" rel=\"category\">No\u00ebl<\/a><\/div><\/div>\r\n\t\t\t\t\t<\/div>\r\n\t\t\t\t\t\t<div class=\"p-content\">\r\n\t\t\t\t<h3 class=\"entry-title\">\t\t<a class=\"p-url\" href=\"https:\/\/www.foliflora.fr\/blog\/les-plus-belles-fleurs-pour-decorer-votre-noel\/\" rel=\"bookmark\">Les plus belles fleurs pour d\u00e9corer votre No\u00ebl<\/a><\/h3><p class=\"entry-summary\">Les f\u00eates de fin d\u2019ann\u00e9e instaurent une ambiance unique o\u00f9 chaque d\u00e9tail&hellip;<\/p>\r\n\t\t\t\t\t\t<div class=\"p-meta has-bookmark\">\r\n\t\t\t\t<div class=\"meta-inner is-meta\">\r\n\t\t\t\t\t\t\t<a class=\"meta-el meta-avatar\" href=\"https:\/\/www.foliflora.fr\/blog\/author\/flora\/\" rel=\"nofollow\" aria-label=\"Visit posts by Flora\"><\/a>\r\n\t\t\t\t<div class=\"meta-el meta-author\">\r\n\t\t\t<a href=\"https:\/\/www.foliflora.fr\/blog\/author\/flora\/\">Flora<\/a>\t\t<\/div>\r\n\t\t\t<div class=\"meta-el meta-date\">\r\n\t\t\t\t<time class=\"date published\" datetime=\"2025-11-18T08:55:20+01:00\">18 novembre 2025<\/time>\r\n\t\t<\/div>\t\t\t\t<\/div>\r\n\t\t\t\t<span class=\"rb-bookmark bookmark-trigger\" data-pid=\"2241\"><\/span>\t\t\t<\/div>\r\n\t\t\t\t\t<\/div>\r\n\t\t<\/div>\r\n\t\t\t\t<\/div>\r\n\t<\/div>\t\t<div class=\"pagination-wrap pagination-loadmore\">\r\n\t\t\t<a href=\"#\" rel=\"nofollow\" role=\"button\" class=\"loadmore-trigger\" aria-label=\"Voir la suite\"><span>Voir la suite<\/span><i class=\"rb-loader\" aria-hidden=\"true\"><\/i><\/a>\r\n\t\t<\/div>\r\n\t\t<\/div>\t\t\t\t<\/div>\n\t\t\t\t<\/div>\n\t\t\t\t\t<\/div>\n\t\t<\/div>\n\t\t\t\t<div class=\"elementor-column elementor-col-33 elementor-top-column elementor-element elementor-element-6c530d1 rb-sticky is-sidebar\" data-id=\"6c530d1\" data-element_type=\"column\" data-e-type=\"column\">\n\t\t\t<div class=\"elementor-widget-wrap elementor-element-populated\">\n\t\t\t\t\t\t<div class=\"elementor-element elementor-element-ba721ce btn-inline elementor-widget elementor-widget-foxiz-banner\" data-id=\"ba721ce\" data-element_type=\"widget\" data-e-type=\"widget\" data-widget_type=\"foxiz-banner.default\">\n\t\t\t\t<div class=\"elementor-widget-container\">\n\t\t\t\t\t\t\t<div class=\"w-banner\">\r\n\t\t\t<div class=\"banner-bg\">\r\n\t\t\t\t\t\t\t\t\t\t<img loading=\"lazy\" loading=\"lazy\" decoding=\"async\" src=\"\" alt=\"banner\" width=\"0\" height=\"0\"\/>\r\n\t\t\t\t\t\t\t\t<\/div>\r\n\t\t\t<div class=\"w-banner-content light-scheme\">\r\n\t\t\t\t<div class=\"content-inner\">\r\n\t\t\t\t\t\t\t\t\t\t\t<h5 class=\"w-banner-title h2\">Create an Amazing Newspaper<\/h5>\r\n\t\t\t\t\t\t\t\t\t\t\t<div class=\"w-banner-desc element-desc\">Discover thousands of options, easy to customize layouts, one-click to import demo and much more.<\/div>\r\n\t\t\t\t\t\t\t\t\t\t\t<a class=\"banner-btn is-btn\" href=\"http:\/\/1.envato.market\/6bEx7Q\" target=\"_blank\" rel=\"noopener nofollow\">Learn More<\/a>\r\n\t\t\t\t\t\t\t\t\t<\/div>\r\n\t\t\t<\/div>\r\n\t\t<\/div>\r\n\t\t\t\t\t\t<\/div>\n\t\t\t\t<\/div>\n\t\t\t\t<div class=\"elementor-element elementor-element-77f4d45 elementor-invisible elementor-widget elementor-widget-foxiz-list-small-2\" data-id=\"77f4d45\" data-element_type=\"widget\" data-e-type=\"widget\" data-settings=\"{&quot;_animation&quot;:&quot;fadeIn&quot;}\" data-widget_type=\"foxiz-list-small-2.default\">\n\t\t\t\t<div class=\"elementor-widget-container\">\n\t\t\t\t\t<div id=\"uid_77f4d45\" class=\"block-wrap block-small block-list block-list-small-2 rb-columns rb-col-1 is-feat-left meta-s-default\"><\/div>\t\t\t\t<\/div>\n\t\t\t\t<\/div>\n\t\t\t\t\t<\/div>\n\t\t<\/div>\n\t\t\t\t\t<\/div>\n\t\t<\/section>\n\t\t\t\t<section class=\"elementor-section elementor-top-section elementor-element elementor-element-6ffbe13 elementor-section-boxed elementor-section-height-default elementor-section-height-default\" data-id=\"6ffbe13\" data-element_type=\"section\" data-e-type=\"section\">\n\t\t\t\t\t\t<div class=\"elementor-container elementor-column-gap-no\">\n\t\t\t\t\t<div class=\"elementor-column elementor-col-100 elementor-top-column elementor-element elementor-element-b4b77f5 elementor-invisible\" data-id=\"b4b77f5\" data-element_type=\"column\" data-e-type=\"column\" data-settings=\"{&quot;animation&quot;:&quot;fadeIn&quot;}\">\n\t\t\t<div class=\"elementor-widget-wrap elementor-element-populated\">\n\t\t\t\t\t\t<div class=\"elementor-element elementor-element-74ec2cf elementor-widget elementor-widget-foxiz-heading\" data-id=\"74ec2cf\" data-element_type=\"widget\" data-e-type=\"widget\" data-widget_type=\"foxiz-heading.default\">\n\t\t\t\t<div class=\"elementor-widget-container\">\n\t\t\t\t\t<div id=\"uid_74ec2cf\" class=\"block-h heading-layout-1\"><div class=\"heading-inner\"><h3 class=\"heading-title\"><a class=\"h-link\" href=\"https:\/\/foxiz.themeruby.com\/default\/category\/politics\/\" target=\"_blank\" rel=\"noopener\">En Bref<\/a><\/h3><\/div><\/div>\t\t\t\t<\/div>\n\t\t\t\t<\/div>\n\t\t\t\t<section class=\"elementor-section elementor-inner-section elementor-element elementor-element-5797261 elementor-section-full_width elementor-section-height-default elementor-section-height-default\" data-id=\"5797261\" data-element_type=\"section\" data-e-type=\"section\">\n\t\t\t\t\t\t<div class=\"elementor-container elementor-column-gap-custom\">\n\t\t\t\t\t<div class=\"elementor-column elementor-col-33 elementor-inner-column elementor-element elementor-element-6a3872f\" data-id=\"6a3872f\" data-element_type=\"column\" data-e-type=\"column\">\n\t\t\t<div class=\"elementor-widget-wrap elementor-element-populated\">\n\t\t\t\t\t\t<div class=\"elementor-element elementor-element-18a4f04 elementor-widget elementor-widget-foxiz-grid-small-1\" data-id=\"18a4f04\" data-element_type=\"widget\" data-e-type=\"widget\" data-widget_type=\"foxiz-grid-small-1.default\">\n\t\t\t\t<div class=\"elementor-widget-container\">\n\t\t\t\t\t<div id=\"uid_18a4f04\" class=\"block-wrap block-small block-grid block-grid-small-1 rb-columns rb-col-1 rb-tcol-2 rb-mcol-1 is-gap-10 ecat-bg-1 meta-s-default\"><div class=\"block-inner\">\t\t<div class=\"p-wrap p-grid p-grid-small-1\" data-pid=\"2156\">\r\n\t\t\t\t<div class=\"feat-holder\">\r\n\t\t\t\t\t\t<div class=\"p-featured\">\r\n\t\t\t\t\t<a class=\"p-flink\" href=\"https:\/\/www.foliflora.fr\/blog\/quelle-est-la-saison-des-tulipes\/\" title=\"Quelle est la saison des tulipes ?\">\r\n\t\t\t<img loading=\"lazy\" decoding=\"async\" width=\"330\" height=\"220\" src=\"https:\/\/www.foliflora.fr\/blog\/wp-content\/uploads\/Quelle-est-la-saison-des-tulipes--330x220.png\" class=\"featured-img wp-post-image\" alt=\"d\u00e9couvrez quelle est la saison id\u00e9ale pour admirer la floraison des tulipes, les meilleures p\u00e9riodes pour les planter et profiter de leur beaut\u00e9 color\u00e9e dans votre jardin.\" loading=\"lazy\" \/>\t\t<\/a>\r\n\t\t\t\t<\/div>\r\n\t<div class=\"p-categories light-scheme p-top mobile-hide\"><a class=\"p-category category-id-20\" href=\"https:\/\/www.foliflora.fr\/blog\/category\/fleurs\/tulipes\/\" rel=\"category\">Tulipes<\/a><\/div><\/div>\r\n\t\t\t\t<div class=\"p-content\">\r\n\t\t\t<h3 class=\"entry-title\">\t\t<a class=\"p-url\" href=\"https:\/\/www.foliflora.fr\/blog\/quelle-est-la-saison-des-tulipes\/\" rel=\"bookmark\">Quelle est la saison des tulipes ?<\/a><\/h3>\t\t\t<div class=\"p-meta has-bookmark\">\r\n\t\t\t\t<div class=\"meta-inner is-meta\">\r\n\t\t\t\t\t\t\t<div class=\"meta-el meta-author\">\r\n\t\t\t<a href=\"https:\/\/www.foliflora.fr\/blog\/author\/flora\/\">Flora<\/a>\t\t<\/div>\r\n\t\t\t<div class=\"meta-el meta-date\">\r\n\t\t\t\t<time class=\"date published\" datetime=\"2025-10-29T13:59:33+01:00\">29 octobre 2025<\/time>\r\n\t\t<\/div>\t\t\t\t<\/div>\r\n\t\t\t\t<span class=\"rb-bookmark bookmark-trigger\" data-pid=\"2156\"><\/span>\t\t\t<\/div>\r\n\t\t\t\t<\/div>\r\n\t\t\t\t<\/div>\r\n\t\t\t<div class=\"p-wrap p-grid p-grid-small-1\" data-pid=\"2241\">\r\n\t\t\t\t<div class=\"feat-holder\">\r\n\t\t\t\t\t\t<div class=\"p-featured\">\r\n\t\t\t\t\t<a class=\"p-flink\" href=\"https:\/\/www.foliflora.fr\/blog\/les-plus-belles-fleurs-pour-decorer-votre-noel\/\" title=\"Les plus belles fleurs pour d\u00e9corer votre No\u00ebl\">\r\n\t\t\t<img loading=\"lazy\" decoding=\"async\" width=\"330\" height=\"220\" src=\"https:\/\/www.foliflora.fr\/blog\/wp-content\/uploads\/Les-plus-belles-fleurs-pour-decorer-votre-Noel-330x220.png\" class=\"featured-img wp-post-image\" alt=\"d\u00e9couvrez les plus belles fleurs pour d\u00e9corer votre no\u00ebl et apporter une touche de magie et de couleur \u00e0 vos f\u00eates de fin d&#039;ann\u00e9e.\" loading=\"lazy\" \/>\t\t<\/a>\r\n\t\t\t\t<\/div>\r\n\t<div class=\"p-categories light-scheme p-top mobile-hide\"><a class=\"p-category category-id-30\" href=\"https:\/\/www.foliflora.fr\/blog\/category\/occasions\/noel\/\" rel=\"category\">No\u00ebl<\/a><\/div><\/div>\r\n\t\t\t\t<div class=\"p-content\">\r\n\t\t\t<h3 class=\"entry-title\">\t\t<a class=\"p-url\" href=\"https:\/\/www.foliflora.fr\/blog\/les-plus-belles-fleurs-pour-decorer-votre-noel\/\" rel=\"bookmark\">Les plus belles fleurs pour d\u00e9corer votre No\u00ebl<\/a><\/h3>\t\t\t<div class=\"p-meta has-bookmark\">\r\n\t\t\t\t<div class=\"meta-inner is-meta\">\r\n\t\t\t\t\t\t\t<div class=\"meta-el meta-author\">\r\n\t\t\t<a href=\"https:\/\/www.foliflora.fr\/blog\/author\/flora\/\">Flora<\/a>\t\t<\/div>\r\n\t\t\t<div class=\"meta-el meta-date\">\r\n\t\t\t\t<time class=\"date published\" datetime=\"2025-11-18T08:55:20+01:00\">18 novembre 2025<\/time>\r\n\t\t<\/div>\t\t\t\t<\/div>\r\n\t\t\t\t<span class=\"rb-bookmark bookmark-trigger\" data-pid=\"2241\"><\/span>\t\t\t<\/div>\r\n\t\t\t\t<\/div>\r\n\t\t\t\t<\/div>\r\n\t<\/div><\/div>\t\t\t\t<\/div>\n\t\t\t\t<\/div>\n\t\t\t\t\t<\/div>\n\t\t<\/div>\n\t\t\t\t<div class=\"elementor-column elementor-col-33 elementor-inner-column elementor-element elementor-element-9f73d1b\" data-id=\"9f73d1b\" data-element_type=\"column\" data-e-type=\"column\">\n\t\t\t<div class=\"elementor-widget-wrap elementor-element-populated\">\n\t\t\t\t\t\t<div class=\"elementor-element elementor-element-a48c853 elementor-widget elementor-widget-foxiz-classic-1\" data-id=\"a48c853\" data-element_type=\"widget\" data-e-type=\"widget\" data-widget_type=\"foxiz-classic-1.default\">\n\t\t\t\t<div class=\"elementor-widget-container\">\n\t\t\t\t\t<div id=\"uid_a48c853\" class=\"block-wrap block-big block-classic block-classic-1 ecat-bg-1 ecat-size-big meta-s-default\"><div class=\"block-inner\">\t\t<div class=\"p-wrap p-grid p-classic-1 p-grid-1\" data-pid=\"2192\">\r\n\t\t\t\t<div class=\"feat-holder\">\r\n\t\t\t\t\t\t<div class=\"p-featured\">\r\n\t\t\t\t\t<a class=\"p-flink\" href=\"https:\/\/www.foliflora.fr\/blog\/idees-originales-pour-celebrer-un-anniversaire-grace-a-foliflora\/\" title=\"Id\u00e9es originales pour c\u00e9l\u00e9brer un anniversaire gr\u00e2ce \u00e0 Foliflora\">\r\n\t\t\t<img loading=\"lazy\" decoding=\"async\" width=\"860\" height=\"573\" src=\"https:\/\/www.foliflora.fr\/blog\/wp-content\/uploads\/Idees-originales-pour-celebrer-un-anniversaire-grace-a-Foliflora-860x573.png\" class=\"featured-img wp-post-image\" alt=\"d\u00e9couvrez des id\u00e9es originales pour c\u00e9l\u00e9brer un anniversaire inoubliable avec foliflora : bouquets uniques, cadeaux surprenants et livraisons fleuries pour marquer cette journ\u00e9e sp\u00e9ciale.\" loading=\"lazy\" \/>\t\t<\/a>\r\n\t\t\t\t<\/div>\r\n\t<div class=\"p-categories light-scheme p-top\"><a class=\"p-category category-id-31\" href=\"https:\/\/www.foliflora.fr\/blog\/category\/occasions\/anniversaire\/\" rel=\"category\">Anniversaire<\/a><\/div><\/div>\r\n\t\t<h2 class=\"entry-title h1\">\t\t<a class=\"p-url\" href=\"https:\/\/www.foliflora.fr\/blog\/idees-originales-pour-celebrer-un-anniversaire-grace-a-foliflora\/\" rel=\"bookmark\">Id\u00e9es originales pour c\u00e9l\u00e9brer un anniversaire gr\u00e2ce \u00e0 Foliflora<\/a><\/h2><p class=\"entry-summary\">F\u00eater un anniversaire est plus qu\u2019un simple rituel : c\u2019est une occasion pr\u00e9cieuse pour cr\u00e9er des souvenirs imp\u00e9rissables en rassemblant proches et amis dans une ambiance chaleureuse et festive. En&hellip;<\/p>\r\n\t\t\t\t\t\t<div class=\"p-meta has-bookmark\">\r\n\t\t\t\t<div class=\"meta-inner is-meta\">\r\n\t\t\t\t\t\t\t<div class=\"meta-el meta-author\">\r\n\t\t\t<a href=\"https:\/\/www.foliflora.fr\/blog\/author\/flora\/\">Flora<\/a>\t\t<\/div>\r\n\t\t\t<div class=\"meta-el meta-date\">\r\n\t\t\t\t<time class=\"date published\" datetime=\"2025-10-29T16:53:14+01:00\">29 octobre 2025<\/time>\r\n\t\t<\/div>\t\t\t\t<\/div>\r\n\t\t\t\t<span class=\"rb-bookmark bookmark-trigger\" data-pid=\"2192\"><\/span>\t\t\t<\/div>\r\n\t\t\t\t<\/div>\r\n\t<\/div><\/div>\t\t\t\t<\/div>\n\t\t\t\t<\/div>\n\t\t\t\t\t<\/div>\n\t\t<\/div>\n\t\t\t\t<div class=\"elementor-column elementor-col-33 elementor-inner-column elementor-element elementor-element-2f20a02\" data-id=\"2f20a02\" data-element_type=\"column\" data-e-type=\"column\">\n\t\t\t<div class=\"elementor-widget-wrap elementor-element-populated\">\n\t\t\t\t\t\t<div class=\"elementor-element elementor-element-a595ec2 elementor-widget elementor-widget-foxiz-grid-small-1\" data-id=\"a595ec2\" data-element_type=\"widget\" data-e-type=\"widget\" data-widget_type=\"foxiz-grid-small-1.default\">\n\t\t\t\t<div class=\"elementor-widget-container\">\n\t\t\t\t\t<div id=\"uid_a595ec2\" class=\"block-wrap block-small block-grid block-grid-small-1 rb-columns rb-col-1 rb-tcol-2 rb-mcol-1 is-gap-10 ecat-bg-1 meta-s-default\"><div class=\"block-inner\">\t\t<div class=\"p-wrap p-grid p-grid-small-1\" data-pid=\"2196\">\r\n\t\t\t\t<div class=\"feat-holder\">\r\n\t\t\t\t\t\t<div class=\"p-featured\">\r\n\t\t\t\t\t<a class=\"p-flink\" href=\"https:\/\/www.foliflora.fr\/blog\/fleurs-et-cadeaux-ce-que-propose-foliflora-pour-les-anniversaires\/\" title=\"Fleurs et cadeaux : ce que propose Foliflora pour les anniversaires\">\r\n\t\t\t<img loading=\"lazy\" decoding=\"async\" width=\"330\" height=\"220\" src=\"https:\/\/www.foliflora.fr\/blog\/wp-content\/uploads\/Fleurs-et-cadeaux-ce-que-propose-Foliflora-pour-les-anniversaires-330x220.png\" class=\"featured-img wp-post-image\" alt=\"d\u00e9couvrez comment foliflora sublime les anniversaires avec une s\u00e9lection de fleurs fra\u00eeches et de cadeaux uniques. offrez un moment inoubliable gr\u00e2ce \u00e0 des compositions florales et des id\u00e9es cadeaux pour tous les go\u00fbts et tous les budgets.\" loading=\"lazy\" \/>\t\t<\/a>\r\n\t\t\t\t<\/div>\r\n\t<div class=\"p-categories light-scheme p-top mobile-hide\"><a class=\"p-category category-id-31\" href=\"https:\/\/www.foliflora.fr\/blog\/category\/occasions\/anniversaire\/\" rel=\"category\">Anniversaire<\/a><\/div><\/div>\r\n\t\t\t\t<div class=\"p-content\">\r\n\t\t\t<h3 class=\"entry-title\">\t\t<a class=\"p-url\" href=\"https:\/\/www.foliflora.fr\/blog\/fleurs-et-cadeaux-ce-que-propose-foliflora-pour-les-anniversaires\/\" rel=\"bookmark\">Fleurs et cadeaux : ce que propose Foliflora pour les anniversaires<\/a><\/h3>\t\t\t<div class=\"p-meta has-bookmark\">\r\n\t\t\t\t<div class=\"meta-inner is-meta\">\r\n\t\t\t\t\t\t\t<div class=\"meta-el meta-author\">\r\n\t\t\t<a href=\"https:\/\/www.foliflora.fr\/blog\/author\/flora\/\">Flora<\/a>\t\t<\/div>\r\n\t\t\t<div class=\"meta-el meta-date\">\r\n\t\t\t\t<time class=\"date published\" datetime=\"2025-10-29T16:55:00+01:00\">29 octobre 2025<\/time>\r\n\t\t<\/div>\t\t\t\t<\/div>\r\n\t\t\t\t<span class=\"rb-bookmark bookmark-trigger\" data-pid=\"2196\"><\/span>\t\t\t<\/div>\r\n\t\t\t\t<\/div>\r\n\t\t\t\t<\/div>\r\n\t\t\t<div class=\"p-wrap p-grid p-grid-small-1\" data-pid=\"2361\">\r\n\t\t\t\t<div class=\"feat-holder\">\r\n\t\t\t\t\t\t<div class=\"p-featured\">\r\n\t\t\t\t\t<a class=\"p-flink\" href=\"https:\/\/www.foliflora.fr\/blog\/comment-se-multiplient-les-tulipes\/\" title=\"Comment se multiplient les tulipes ?\">\r\n\t\t\t<img loading=\"lazy\" decoding=\"async\" width=\"330\" height=\"220\" src=\"https:\/\/www.foliflora.fr\/blog\/wp-content\/uploads\/Comment-se-multiplient-les-tulipes--330x220.png\" class=\"featured-img wp-post-image\" alt=\"d\u00e9couvrez les m\u00e9thodes de multiplication des tulipes, du semis \u00e0 la division des bulbes, pour r\u00e9ussir la culture de ces fleurs color\u00e9es dans votre jardin.\" loading=\"lazy\" \/>\t\t<\/a>\r\n\t\t\t\t<\/div>\r\n\t<div class=\"p-categories light-scheme p-top mobile-hide\"><a class=\"p-category category-id-20\" href=\"https:\/\/www.foliflora.fr\/blog\/category\/fleurs\/tulipes\/\" rel=\"category\">Tulipes<\/a><\/div><\/div>\r\n\t\t\t\t<div class=\"p-content\">\r\n\t\t\t<h3 class=\"entry-title\">\t\t<a class=\"p-url\" href=\"https:\/\/www.foliflora.fr\/blog\/comment-se-multiplient-les-tulipes\/\" rel=\"bookmark\">Comment se multiplient les tulipes ?<\/a><\/h3>\t\t\t<div class=\"p-meta has-bookmark\">\r\n\t\t\t\t<div class=\"meta-inner is-meta\">\r\n\t\t\t\t\t\t\t<div class=\"meta-el meta-author\">\r\n\t\t\t<a href=\"https:\/\/www.foliflora.fr\/blog\/author\/flora\/\">Flora<\/a>\t\t<\/div>\r\n\t\t\t<div class=\"meta-el meta-date\">\r\n\t\t\t\t<time class=\"date published\" datetime=\"2025-12-29T17:28:18+01:00\">29 d\u00e9cembre 2025<\/time>\r\n\t\t<\/div>\t\t\t\t<\/div>\r\n\t\t\t\t<span class=\"rb-bookmark bookmark-trigger\" data-pid=\"2361\"><\/span>\t\t\t<\/div>\r\n\t\t\t\t<\/div>\r\n\t\t\t\t<\/div>\r\n\t<\/div><\/div>\t\t\t\t<\/div>\n\t\t\t\t<\/div>\n\t\t\t\t\t<\/div>\n\t\t<\/div>\n\t\t\t\t\t<\/div>\n\t\t<\/section>\n\t\t\t\t\t<\/div>\n\t\t<\/div>\n\t\t\t\t\t<\/div>\n\t\t<\/section>\n\t\t\t\t<\/div>\n\t\t","protected":false},"excerpt":{"rendered":"<p>edit Pivoines Pivoines : vari\u00e9t\u00e9s, plantation et floraison expliqu\u00e9es Les pivoines s\u2019imposent comme des joyaux incontournables des jardins fran\u00e7ais et europ\u00e9ens, m\u00ealant gr\u00e2ce intemporelle et \u00e9l\u00e9gance naturelle. Appr\u00e9ci\u00e9es pour leur floraison somptueuse et leurs parfums subtils, elles demeurent un choix privil\u00e9gi\u00e9 pour les amateurs de plantes vivaces sp\u00e9cialis\u00e9es. La richesse des vari\u00e9t\u00e9s, des pivoines herbac\u00e9es [&hellip;]<\/p>\n","protected":false},"author":1,"featured_media":0,"parent":0,"menu_order":0,"comment_status":"closed","ping_status":"closed","template":"","meta":{"footnotes":""},"class_list":["post-1387","page","type-page","status-publish"],"_links":{"self":[{"href":"https:\/\/www.foliflora.fr\/blog\/wp-json\/wp\/v2\/pages\/1387","targetHints":{"allow":["GET"]}}],"collection":[{"href":"https:\/\/www.foliflora.fr\/blog\/wp-json\/wp\/v2\/pages"}],"about":[{"href":"https:\/\/www.foliflora.fr\/blog\/wp-json\/wp\/v2\/types\/page"}],"author":[{"embeddable":true,"href":"https:\/\/www.foliflora.fr\/blog\/wp-json\/wp\/v2\/users\/1"}],"replies":[{"embeddable":true,"href":"https:\/\/www.foliflora.fr\/blog\/wp-json\/wp\/v2\/comments?post=1387"}],"version-history":[{"count":0,"href":"https:\/\/www.foliflora.fr\/blog\/wp-json\/wp\/v2\/pages\/1387\/revisions"}],"wp:attachment":[{"href":"https:\/\/www.foliflora.fr\/blog\/wp-json\/wp\/v2\/media?parent=1387"}],"curies":[{"name":"wp","href":"https:\/\/api.w.org\/{rel}","templated":true}]}}